{"id":48412,"date":"2025-02-05T10:00:25","date_gmt":"2025-02-05T08:00:25","guid":{"rendered":"https:\/\/jazzkaar.ee\/?post_type=cpt_event&#038;p=48412"},"modified":"2025-03-04T12:36:47","modified_gmt":"2025-03-04T10:36:47","slug":"mathei-florea-new-grounds-feat-gilad-hekselman","status":"publish","type":"cpt_event","link":"https:\/\/jazzkaar.ee\/en\/uritus\/mathei-florea-new-grounds-feat-gilad-hekselman\/","title":{"rendered":"Mathei Florea New Grounds feat. Gilad Hekselman"},"template":"","event_location":[2898],"event_tag":[],"festivals":[2876],"class_list":["post-48412","cpt_event","type-cpt_event","status-publish","hentry","event_location-fotografiska-tallinn-en","festivals-jazzkaar-en"],"acf":{"has_ticket":false,"subtitle":"(Estonia\u2013Israel\u2013Germany\u2013Poland\u2013Ukraine)","image":{"ID":48270,"id":48270,"title":"Mathei Florea","filename":"Mathei-Florea-scaled.jpeg","filesize":451011,"url":"https:\/\/jazzkaar.ee\/wp-content\/uploads\/2025\/01\/Mathei-Florea-scaled.jpeg","link":"https:\/\/jazzkaar.ee\/en\/uritus\/mathei-florea-new-grounds-feat-gilad-hekselman\/mathei-florea-2\/","alt":"Mathei Florea Jazzkaar 2025","author":"20","description":"Mathei Florea Jazzkaar 2025","caption":"","name":"mathei-florea-2","status":"inherit","uploaded_to":48412,"date":"2025-01-30 18:13:38","modified":"2025-02-04 22:26:34","menu_order":0,"mime_type":"image\/jpeg","type":"image","subtype":"jpeg","icon":"https:\/\/jazzkaar.ee\/wp-includes\/images\/media\/default.png","width":1707,"height":2560,"sizes":{"thumbnail":"https:\/\/jazzkaar.ee\/wp-content\/uploads\/2025\/01\/Mathei-Florea-150x150.jpeg","thumbnail-width":150,"thumbnail-height":150,"medium":"https:\/\/jazzkaar.ee\/wp-content\/uploads\/2025\/01\/Mathei-Florea-200x300.jpeg","medium-width":200,"medium-height":300,"medium_large":"https:\/\/jazzkaar.ee\/wp-content\/uploads\/2025\/01\/Mathei-Florea-768x1152.jpeg","medium_large-width":768,"medium_large-height":1152,"large":"https:\/\/jazzkaar.ee\/wp-content\/uploads\/2025\/01\/Mathei-Florea-683x1024.jpeg","large-width":683,"large-height":1024,"1536x1536":"https:\/\/jazzkaar.ee\/wp-content\/uploads\/2025\/01\/Mathei-Florea-1024x1536.jpeg","1536x1536-width":1024,"1536x1536-height":1536,"2048x2048":"https:\/\/jazzkaar.ee\/wp-content\/uploads\/2025\/01\/Mathei-Florea-1365x2048.jpeg","2048x2048-width":1365,"2048x2048-height":2048,"image_640px":"https:\/\/jazzkaar.ee\/wp-content\/uploads\/2025\/01\/Mathei-Florea-640x960.jpeg","image_640px-width":640,"image_640px-height":960,"image_768px":"https:\/\/jazzkaar.ee\/wp-content\/uploads\/2025\/01\/Mathei-Florea-768x1152.jpeg","image_768px-width":768,"image_768px-height":1152,"image_1024px":"https:\/\/jazzkaar.ee\/wp-content\/uploads\/2025\/01\/Mathei-Florea-1024x1536.jpeg","image_1024px-width":1024,"image_1024px-height":1536,"image_1280px":"https:\/\/jazzkaar.ee\/wp-content\/uploads\/2025\/01\/Mathei-Florea-1280x1920.jpeg","image_1280px-width":1280,"image_1280px-height":1920,"image_1366px":"https:\/\/jazzkaar.ee\/wp-content\/uploads\/2025\/01\/Mathei-Florea-1366x2049.jpeg","image_1366px-width":1366,"image_1366px-height":2049,"image_1600px":"https:\/\/jazzkaar.ee\/wp-content\/uploads\/2025\/01\/Mathei-Florea-1600x2400.jpeg","image_1600px-width":1600,"image_1600px-height":2400,"image_1920px":"https:\/\/jazzkaar.ee\/wp-content\/uploads\/2025\/01\/Mathei-Florea-1920x2880.jpeg","image_1920px-width":1920,"image_1920px-height":2880,"image_2400px":"https:\/\/jazzkaar.ee\/wp-content\/uploads\/2025\/01\/Mathei-Florea-scaled.jpeg","image_2400px-width":1707,"image_2400px-height":2560,"woocommerce_thumbnail":"https:\/\/jazzkaar.ee\/wp-content\/uploads\/2025\/01\/Mathei-Florea-415x415.jpeg","woocommerce_thumbnail-width":415,"woocommerce_thumbnail-height":415,"woocommerce_single":"https:\/\/jazzkaar.ee\/wp-content\/uploads\/2025\/01\/Mathei-Florea-600x900.jpeg","woocommerce_single-width":600,"woocommerce_single-height":900,"woocommerce_gallery_thumbnail":"https:\/\/jazzkaar.ee\/wp-content\/uploads\/2025\/01\/Mathei-Florea-100x100.jpeg","woocommerce_gallery_thumbnail-width":100,"woocommerce_gallery_thumbnail-height":100}},"acf_date_time":"2025\/04\/23 20:00","price":"22.-\/15.-\/\/ 27.-\/19.-","ticket_url":"https:\/\/piletikeskus.ee\/en\/e\/9yd9to","artists":[{"title":"","subtitle":"","text":"<p style=\"font-weight: 400;\">The gifted Estonian pianist <strong>Mathei Florea<\/strong> and his Berlin-based ensemble, <strong>New Grounds<\/strong>, known for their Nordic contemporary jazz, come together for a special concert evening with world-renowned guitarist <strong>Gilad Hekselman<\/strong>. The legendary New York-based musician has collaborated with jazz greats such as Chris Potter, Eric Harland, and Tigran Hamasyan.<\/p>\n<p style=\"font-weight: 400;\">According to Mathei Florea, discovering Gilad Hekselman\u2019s music and guitar playing was a true eureka moment for him. \u201cGilad\u2019s musical style and taste perfectly align with my vision of how a guitar should sound. Back then, I didn\u2019t even dare to dream that I would one day have the opportunity to collaborate with him. Now, ten years later, it\u2019s finally happening!\u201d the musician exclaims with excitement. \u201cI plan to give Gilad the freedom to interpret my compositions exactly as he hears them. I am convinced that his presence will bring a new dimension to my music!\u201d<\/p>\n<p style=\"font-weight: 400;\">Estonian jazz pianist <strong>Mathei Florea<\/strong> began his musical journey in childhood, first discovering classical piano and studying at the Tallinn Music High School. While continuing his education at the Georg Ots Music School, he was introduced to the exciting and innovative world of jazz, which opened up entirely new creative possibilities. Florea has studied under Kristjan Randalu at the Estonian Academy of Music and Theatre and further refined his skills at Skurup Folk High School in Sweden. He also holds a bachelor\u2019s degree from the Jazz Institute Berlin.<\/p>\n<p style=\"font-weight: 400;\"><strong>Gilad Hekselman<\/strong> is one of today\u2019s leading jazz guitarists, performing worldwide with his ensemble and sharing the stage with some of the biggest names in jazz. With eleven critically acclaimed albums, Hekselman has developed a distinctive and richly textured musical style, evident both in his\u00a0original compositions and his signature guitar sound.<\/p>\n","videos":[{"video":"<iframe title=\"Mathei Florea New Grounds - Snap\" width=\"640\" height=\"360\" src=\"https:\/\/www.youtube.com\/embed\/YuboWl3dxjo?feature=oembed\" frameborder=\"0\" allow=\"accelerometer; autoplay; clipboard-write; encrypted-media; gyroscope; picture-in-picture; web-share\" referrerpolicy=\"strict-origin-when-cross-origin\" allowfullscreen><\/iframe>"},{"video":"<iframe title=\"Mathei Florea New Grounds - FLUIDIUM  | Live at Philly Joe&#039;s\" width=\"640\" height=\"360\" src=\"https:\/\/www.youtube.com\/embed\/VIpzaZ0vcUI?feature=oembed\" frameborder=\"0\" allow=\"accelerometer; autoplay; clipboard-write; encrypted-media; gyroscope; picture-in-picture; web-share\" referrerpolicy=\"strict-origin-when-cross-origin\" allowfullscreen><\/iframe>"},{"video":"<iframe title=\"Mathei Florea New Grounds - MEIL AIA\u00c4\u00c4RNE T\u00c4NAVAS | Live at Philly Joe&#039;s\" width=\"640\" height=\"360\" src=\"https:\/\/www.youtube.com\/embed\/UZZWCFruw4Y?feature=oembed\" frameborder=\"0\" allow=\"accelerometer; autoplay; clipboard-write; encrypted-media; gyroscope; picture-in-picture; web-share\" referrerpolicy=\"strict-origin-when-cross-origin\" allowfullscreen><\/iframe>"},{"video":"<iframe title=\"New Single - Long Way From Home (feat. Eric Harland)\" width=\"520\" height=\"390\" src=\"https:\/\/www.youtube.com\/embed\/rDAji1_cgyU?start=4&feature=oembed\" frameborder=\"0\" allow=\"accelerometer; autoplay; clipboard-write; encrypted-media; gyroscope; picture-in-picture; web-share\" referrerpolicy=\"strict-origin-when-cross-origin\" allowfullscreen><\/iframe>"}],"gallery":[{"ID":48270,"id":48270,"title":"Mathei Florea","filename":"Mathei-Florea-scaled.jpeg","filesize":451011,"url":"https:\/\/jazzkaar.ee\/wp-content\/uploads\/2025\/01\/Mathei-Florea-scaled.jpeg","link":"https:\/\/jazzkaar.ee\/en\/uritus\/mathei-florea-new-grounds-feat-gilad-hekselman\/mathei-florea-2\/","alt":"Mathei Florea Jazzkaar 2025","author":"20","description":"Mathei Florea Jazzkaar 2025","caption":"","name":"mathei-florea-2","status":"inherit","uploaded_to":48412,"date":"2025-01-30 18:13:38","modified":"2025-02-04 22:26:34","menu_order":0,"mime_type":"image\/jpeg","type":"image","subtype":"jpeg","icon":"https:\/\/jazzkaar.ee\/wp-includes\/images\/media\/default.png","width":1707,"height":2560,"sizes":{"thumbnail":"https:\/\/jazzkaar.ee\/wp-content\/uploads\/2025\/01\/Mathei-Florea-150x150.jpeg","thumbnail-width":150,"thumbnail-height":150,"medium":"https:\/\/jazzkaar.ee\/wp-content\/uploads\/2025\/01\/Mathei-Florea-200x300.jpeg","medium-width":200,"medium-height":300,"medium_large":"https:\/\/jazzkaar.ee\/wp-content\/uploads\/2025\/01\/Mathei-Florea-768x1152.jpeg","medium_large-width":768,"medium_large-height":1152,"large":"https:\/\/jazzkaar.ee\/wp-content\/uploads\/2025\/01\/Mathei-Florea-683x1024.jpeg","large-width":683,"large-height":1024,"1536x1536":"https:\/\/jazzkaar.ee\/wp-content\/uploads\/2025\/01\/Mathei-Florea-1024x1536.jpeg","1536x1536-width":1024,"1536x1536-height":1536,"2048x2048":"https:\/\/jazzkaar.ee\/wp-content\/uploads\/2025\/01\/Mathei-Florea-1365x2048.jpeg","2048x2048-width":1365,"2048x2048-height":2048,"image_640px":"https:\/\/jazzkaar.ee\/wp-content\/uploads\/2025\/01\/Mathei-Florea-640x960.jpeg","image_640px-width":640,"image_640px-height":960,"image_768px":"https:\/\/jazzkaar.ee\/wp-content\/uploads\/2025\/01\/Mathei-Florea-768x1152.jpeg","image_768px-width":768,"image_768px-height":1152,"image_1024px":"https:\/\/jazzkaar.ee\/wp-content\/uploads\/2025\/01\/Mathei-Florea-1024x1536.jpeg","image_1024px-width":1024,"image_1024px-height":1536,"image_1280px":"https:\/\/jazzkaar.ee\/wp-content\/uploads\/2025\/01\/Mathei-Florea-1280x1920.jpeg","image_1280px-width":1280,"image_1280px-height":1920,"image_1366px":"https:\/\/jazzkaar.ee\/wp-content\/uploads\/2025\/01\/Mathei-Florea-1366x2049.jpeg","image_1366px-width":1366,"image_1366px-height":2049,"image_1600px":"https:\/\/jazzkaar.ee\/wp-content\/uploads\/2025\/01\/Mathei-Florea-1600x2400.jpeg","image_1600px-width":1600,"image_1600px-height":2400,"image_1920px":"https:\/\/jazzkaar.ee\/wp-content\/uploads\/2025\/01\/Mathei-Florea-1920x2880.jpeg","image_1920px-width":1920,"image_1920px-height":2880,"image_2400px":"https:\/\/jazzkaar.ee\/wp-content\/uploads\/2025\/01\/Mathei-Florea-scaled.jpeg","image_2400px-width":1707,"image_2400px-height":2560,"woocommerce_thumbnail":"https:\/\/jazzkaar.ee\/wp-content\/uploads\/2025\/01\/Mathei-Florea-415x415.jpeg","woocommerce_thumbnail-width":415,"woocommerce_thumbnail-height":415,"woocommerce_single":"https:\/\/jazzkaar.ee\/wp-content\/uploads\/2025\/01\/Mathei-Florea-600x900.jpeg","woocommerce_single-width":600,"woocommerce_single-height":900,"woocommerce_gallery_thumbnail":"https:\/\/jazzkaar.ee\/wp-content\/uploads\/2025\/01\/Mathei-Florea-100x100.jpeg","woocommerce_gallery_thumbnail-width":100,"woocommerce_gallery_thumbnail-height":100}}],"members":[{"name":"Mathei Florea","instrument":"Piano & Composition"},{"name":"Gilad Hekselman","instrument":"Guitar"},{"name":"Aleksandra B\u0142achno-Kulig","instrument":"Violin & Vocals"},{"name":"Alvise Carli","instrument":"Violin "},{"name":"Philine H\u00f6hnisch","instrument":"Viola"},{"name":"Kornelia Jamborowicz","instrument":"Cello"},{"name":"Dmytro Bondarev","instrument":"Trumpet"},{"name":"Christian M\u00fcller","instrument":"Double Bass"},{"name":"Johannes Metzger","instrument":"Drums"}],"artist_fb":"https:\/\/www.facebook.com\/@gHexMusic\/","artist_sc":"","artist_sp":"https:\/\/open.spotify.com\/artist\/74xbnsQWsEp4XYGbO5R3LT","artist_ig":"https:\/\/www.instagram.com\/matheiflorea\/","artist_hp":"https:\/\/matheiflorea.com\/","related_events":false}],"dont_show_frontpage":false},"yoast_head":"<!-- This site is optimized with the Yoast SEO plugin v27.3 - https:\/\/yoast.com\/product\/yoast-seo-wordpress\/ -->\n<title>Mathei Florea New Grounds feat. Gilad Hekselman - Festival Jazzkaar<\/title>\n<meta name=\"robots\" content=\"index, follow, max-snippet:-1, max-image-preview:large, max-video-preview:-1\" \/>\n<link rel=\"canonical\" href=\"https:\/\/jazzkaar.ee\/en\/uritus\/mathei-florea-new-grounds-feat-gilad-hekselman\/\" \/>\n<meta property=\"og:locale\" content=\"en_US\" \/>\n<meta property=\"og:type\" content=\"article\" \/>\n<meta property=\"og:title\" content=\"Mathei Florea New Grounds feat. Gilad Hekselman - Festival Jazzkaar\" \/>\n<meta property=\"og:url\" content=\"https:\/\/jazzkaar.ee\/en\/uritus\/mathei-florea-new-grounds-feat-gilad-hekselman\/\" \/>\n<meta property=\"og:site_name\" content=\"Festival Jazzkaar\" \/>\n<meta property=\"article:modified_time\" content=\"2025-03-04T10:36:47+00:00\" \/>\n<meta property=\"og:image\" content=\"http:\/\/default\" \/>\n<meta name=\"twitter:card\" content=\"summary_large_image\" \/>\n<meta name=\"twitter:label1\" content=\"Est. reading time\" \/>\n\t<meta name=\"twitter:data1\" content=\"3 minutes\" \/>\n<script type=\"application\/ld+json\" class=\"yoast-schema-graph\">{\"@context\":\"https:\\\/\\\/schema.org\",\"@graph\":[{\"@type\":\"WebPage\",\"@id\":\"https:\\\/\\\/jazzkaar.ee\\\/en\\\/uritus\\\/mathei-florea-new-grounds-feat-gilad-hekselman\\\/\",\"url\":\"https:\\\/\\\/jazzkaar.ee\\\/en\\\/uritus\\\/mathei-florea-new-grounds-feat-gilad-hekselman\\\/\",\"name\":\"Mathei Florea New Grounds feat. Gilad Hekselman - Festival Jazzkaar\",\"isPartOf\":{\"@id\":\"https:\\\/\\\/jazzkaar.ee\\\/en\\\/#website\"},\"datePublished\":\"2025-02-05T08:00:25+00:00\",\"dateModified\":\"2025-03-04T10:36:47+00:00\",\"breadcrumb\":{\"@id\":\"https:\\\/\\\/jazzkaar.ee\\\/en\\\/uritus\\\/mathei-florea-new-grounds-feat-gilad-hekselman\\\/#breadcrumb\"},\"inLanguage\":\"en-US\",\"potentialAction\":[{\"@type\":\"ReadAction\",\"target\":[\"https:\\\/\\\/jazzkaar.ee\\\/en\\\/uritus\\\/mathei-florea-new-grounds-feat-gilad-hekselman\\\/\"]}]},{\"@type\":\"BreadcrumbList\",\"@id\":\"https:\\\/\\\/jazzkaar.ee\\\/en\\\/uritus\\\/mathei-florea-new-grounds-feat-gilad-hekselman\\\/#breadcrumb\",\"itemListElement\":[{\"@type\":\"ListItem\",\"position\":1,\"name\":\"Home\",\"item\":\"https:\\\/\\\/jazzkaar.ee\\\/en\\\/\"},{\"@type\":\"ListItem\",\"position\":2,\"name\":\"Mathei Florea New Grounds feat. Gilad Hekselman\"}]},{\"@type\":\"WebSite\",\"@id\":\"https:\\\/\\\/jazzkaar.ee\\\/en\\\/#website\",\"url\":\"https:\\\/\\\/jazzkaar.ee\\\/en\\\/\",\"name\":\"Festival Jazzkaar\",\"description\":\"\",\"publisher\":{\"@id\":\"https:\\\/\\\/jazzkaar.ee\\\/en\\\/#organization\"},\"potentialAction\":[{\"@type\":\"SearchAction\",\"target\":{\"@type\":\"EntryPoint\",\"urlTemplate\":\"https:\\\/\\\/jazzkaar.ee\\\/en\\\/?s={search_term_string}\"},\"query-input\":{\"@type\":\"PropertyValueSpecification\",\"valueRequired\":true,\"valueName\":\"search_term_string\"}}],\"inLanguage\":\"en-US\"},{\"@type\":\"Organization\",\"@id\":\"https:\\\/\\\/jazzkaar.ee\\\/en\\\/#organization\",\"name\":\"Festival Jazzkaar\",\"url\":\"https:\\\/\\\/jazzkaar.ee\\\/en\\\/\",\"logo\":{\"@type\":\"ImageObject\",\"inLanguage\":\"en-US\",\"@id\":\"https:\\\/\\\/jazzkaar.ee\\\/en\\\/#\\\/schema\\\/logo\\\/image\\\/\",\"url\":\"https:\\\/\\\/jazzkaar.ee\\\/wp-content\\\/uploads\\\/2022\\\/10\\\/Screenshot-2022-10-05-at-11.22.31.png\",\"contentUrl\":\"https:\\\/\\\/jazzkaar.ee\\\/wp-content\\\/uploads\\\/2022\\\/10\\\/Screenshot-2022-10-05-at-11.22.31.png\",\"width\":1210,\"height\":664,\"caption\":\"Festival Jazzkaar\"},\"image\":{\"@id\":\"https:\\\/\\\/jazzkaar.ee\\\/en\\\/#\\\/schema\\\/logo\\\/image\\\/\"}}]}<\/script>\n<!-- \/ Yoast SEO plugin. -->","yoast_head_json":{"title":"Mathei Florea New Grounds feat. Gilad Hekselman - Festival Jazzkaar","robots":{"index":"index","follow":"follow","max-snippet":"max-snippet:-1","max-image-preview":"max-image-preview:large","max-video-preview":"max-video-preview:-1"},"canonical":"https:\/\/jazzkaar.ee\/en\/uritus\/mathei-florea-new-grounds-feat-gilad-hekselman\/","og_locale":"en_US","og_type":"article","og_title":"Mathei Florea New Grounds feat. Gilad Hekselman - Festival Jazzkaar","og_url":"https:\/\/jazzkaar.ee\/en\/uritus\/mathei-florea-new-grounds-feat-gilad-hekselman\/","og_site_name":"Festival Jazzkaar","article_modified_time":"2025-03-04T10:36:47+00:00","og_image":[{"url":"default","type":"","width":"","height":""}],"twitter_card":"summary_large_image","twitter_misc":{"Est. reading time":"3 minutes"},"schema":{"@context":"https:\/\/schema.org","@graph":[{"@type":"WebPage","@id":"https:\/\/jazzkaar.ee\/en\/uritus\/mathei-florea-new-grounds-feat-gilad-hekselman\/","url":"https:\/\/jazzkaar.ee\/en\/uritus\/mathei-florea-new-grounds-feat-gilad-hekselman\/","name":"Mathei Florea New Grounds feat. Gilad Hekselman - Festival Jazzkaar","isPartOf":{"@id":"https:\/\/jazzkaar.ee\/en\/#website"},"datePublished":"2025-02-05T08:00:25+00:00","dateModified":"2025-03-04T10:36:47+00:00","breadcrumb":{"@id":"https:\/\/jazzkaar.ee\/en\/uritus\/mathei-florea-new-grounds-feat-gilad-hekselman\/#breadcrumb"},"inLanguage":"en-US","potentialAction":[{"@type":"ReadAction","target":["https:\/\/jazzkaar.ee\/en\/uritus\/mathei-florea-new-grounds-feat-gilad-hekselman\/"]}]},{"@type":"BreadcrumbList","@id":"https:\/\/jazzkaar.ee\/en\/uritus\/mathei-florea-new-grounds-feat-gilad-hekselman\/#breadcrumb","itemListElement":[{"@type":"ListItem","position":1,"name":"Home","item":"https:\/\/jazzkaar.ee\/en\/"},{"@type":"ListItem","position":2,"name":"Mathei Florea New Grounds feat. Gilad Hekselman"}]},{"@type":"WebSite","@id":"https:\/\/jazzkaar.ee\/en\/#website","url":"https:\/\/jazzkaar.ee\/en\/","name":"Festival Jazzkaar","description":"","publisher":{"@id":"https:\/\/jazzkaar.ee\/en\/#organization"},"potentialAction":[{"@type":"SearchAction","target":{"@type":"EntryPoint","urlTemplate":"https:\/\/jazzkaar.ee\/en\/?s={search_term_string}"},"query-input":{"@type":"PropertyValueSpecification","valueRequired":true,"valueName":"search_term_string"}}],"inLanguage":"en-US"},{"@type":"Organization","@id":"https:\/\/jazzkaar.ee\/en\/#organization","name":"Festival Jazzkaar","url":"https:\/\/jazzkaar.ee\/en\/","logo":{"@type":"ImageObject","inLanguage":"en-US","@id":"https:\/\/jazzkaar.ee\/en\/#\/schema\/logo\/image\/","url":"https:\/\/jazzkaar.ee\/wp-content\/uploads\/2022\/10\/Screenshot-2022-10-05-at-11.22.31.png","contentUrl":"https:\/\/jazzkaar.ee\/wp-content\/uploads\/2022\/10\/Screenshot-2022-10-05-at-11.22.31.png","width":1210,"height":664,"caption":"Festival Jazzkaar"},"image":{"@id":"https:\/\/jazzkaar.ee\/en\/#\/schema\/logo\/image\/"}}]}},"_links":{"self":[{"href":"https:\/\/jazzkaar.ee\/en\/wp-json\/wp\/v2\/cpt_event\/48412","targetHints":{"allow":["GET"]}}],"collection":[{"href":"https:\/\/jazzkaar.ee\/en\/wp-json\/wp\/v2\/cpt_event"}],"about":[{"href":"https:\/\/jazzkaar.ee\/en\/wp-json\/wp\/v2\/types\/cpt_event"}],"wp:attachment":[{"href":"https:\/\/jazzkaar.ee\/en\/wp-json\/wp\/v2\/media?parent=48412"}],"wp:term":[{"taxonomy":"event_location","embeddable":true,"href":"https:\/\/jazzkaar.ee\/en\/wp-json\/wp\/v2\/event_location?post=48412"},{"taxonomy":"event_tag","embeddable":true,"href":"https:\/\/jazzkaar.ee\/en\/wp-json\/wp\/v2\/event_tag?post=48412"},{"taxonomy":"festivals","embeddable":true,"href":"https:\/\/jazzkaar.ee\/en\/wp-json\/wp\/v2\/festivals?post=48412"}],"curies":[{"name":"wp","href":"https:\/\/api.w.org\/{rel}","templated":true}]}}