{"id":46981,"date":"2024-02-14T07:29:29","date_gmt":"2024-02-14T05:29:29","guid":{"rendered":"https:\/\/jazzkaar.ee\/?post_type=cpt_event&#038;p=46981"},"modified":"2024-04-09T15:08:59","modified_gmt":"2024-04-09T12:08:59","slug":"eve-risser-red-desert-orchestra-eurythmia","status":"publish","type":"cpt_event","link":"https:\/\/www.jazzkaar.ee\/en\/uritus\/eve-risser-red-desert-orchestra-eurythmia\/","title":{"rendered":"Eve Risser Red Desert Orchestra, \u201cEurythmia\u201d"},"template":"","event_location":[3304],"event_tag":[1448,1433],"festivals":[2876],"class_list":["post-46981","cpt_event","type-cpt_event","status-publish","hentry","event_location-jaik-2-en","event_tag-piano","event_tag-vocal","festivals-jazzkaar-en"],"acf":{"has_ticket":false,"subtitle":"France","image":{"ID":46980,"id":46980,"title":"Eve Risser Red Desert Orchestra_ Foto Marc Chesneau","filename":"Eve-Risser-Red-Desert-Orchestra_-Foto-Marc-Chesneau-scaled.jpg","filesize":476329,"url":"https:\/\/jazzkaar.ee\/wp-content\/uploads\/2024\/02\/Eve-Risser-Red-Desert-Orchestra_-Foto-Marc-Chesneau-scaled.jpg","link":"https:\/\/www.jazzkaar.ee\/en\/uritus\/eve-risser-red-desert-orchestra-eurythmia\/eve-risser-red-desert-orchestra_-foto-marc-chesneau-2\/","alt":"","author":"14","description":"","caption":"","name":"eve-risser-red-desert-orchestra_-foto-marc-chesneau-2","status":"inherit","uploaded_to":46981,"date":"2024-02-13 11:10:59","modified":"2024-02-13 11:13:07","menu_order":0,"mime_type":"image\/jpeg","type":"image","subtype":"jpeg","icon":"https:\/\/www.jazzkaar.ee\/wp-includes\/images\/media\/default.png","width":2560,"height":2197,"sizes":{"thumbnail":"https:\/\/jazzkaar.ee\/wp-content\/uploads\/2024\/02\/Eve-Risser-Red-Desert-Orchestra_-Foto-Marc-Chesneau-150x150.jpg","thumbnail-width":150,"thumbnail-height":150,"medium":"https:\/\/jazzkaar.ee\/wp-content\/uploads\/2024\/02\/Eve-Risser-Red-Desert-Orchestra_-Foto-Marc-Chesneau-300x258.jpg","medium-width":300,"medium-height":258,"medium_large":"https:\/\/jazzkaar.ee\/wp-content\/uploads\/2024\/02\/Eve-Risser-Red-Desert-Orchestra_-Foto-Marc-Chesneau-768x659.jpg","medium_large-width":768,"medium_large-height":659,"large":"https:\/\/jazzkaar.ee\/wp-content\/uploads\/2024\/02\/Eve-Risser-Red-Desert-Orchestra_-Foto-Marc-Chesneau-1024x879.jpg","large-width":1024,"large-height":879,"1536x1536":"https:\/\/jazzkaar.ee\/wp-content\/uploads\/2024\/02\/Eve-Risser-Red-Desert-Orchestra_-Foto-Marc-Chesneau-1536x1318.jpg","1536x1536-width":1536,"1536x1536-height":1318,"2048x2048":"https:\/\/jazzkaar.ee\/wp-content\/uploads\/2024\/02\/Eve-Risser-Red-Desert-Orchestra_-Foto-Marc-Chesneau-2048x1758.jpg","2048x2048-width":2048,"2048x2048-height":1758,"image_640px":"https:\/\/jazzkaar.ee\/wp-content\/uploads\/2024\/02\/Eve-Risser-Red-Desert-Orchestra_-Foto-Marc-Chesneau-640x549.jpg","image_640px-width":640,"image_640px-height":549,"image_768px":"https:\/\/jazzkaar.ee\/wp-content\/uploads\/2024\/02\/Eve-Risser-Red-Desert-Orchestra_-Foto-Marc-Chesneau-768x659.jpg","image_768px-width":768,"image_768px-height":659,"image_1024px":"https:\/\/jazzkaar.ee\/wp-content\/uploads\/2024\/02\/Eve-Risser-Red-Desert-Orchestra_-Foto-Marc-Chesneau-1024x879.jpg","image_1024px-width":1024,"image_1024px-height":879,"image_1280px":"https:\/\/jazzkaar.ee\/wp-content\/uploads\/2024\/02\/Eve-Risser-Red-Desert-Orchestra_-Foto-Marc-Chesneau-1280x1099.jpg","image_1280px-width":1280,"image_1280px-height":1099,"image_1366px":"https:\/\/jazzkaar.ee\/wp-content\/uploads\/2024\/02\/Eve-Risser-Red-Desert-Orchestra_-Foto-Marc-Chesneau-1366x1173.jpg","image_1366px-width":1366,"image_1366px-height":1173,"image_1600px":"https:\/\/jazzkaar.ee\/wp-content\/uploads\/2024\/02\/Eve-Risser-Red-Desert-Orchestra_-Foto-Marc-Chesneau-1600x1373.jpg","image_1600px-width":1600,"image_1600px-height":1373,"image_1920px":"https:\/\/jazzkaar.ee\/wp-content\/uploads\/2024\/02\/Eve-Risser-Red-Desert-Orchestra_-Foto-Marc-Chesneau-1920x1648.jpg","image_1920px-width":1920,"image_1920px-height":1648,"image_2400px":"https:\/\/jazzkaar.ee\/wp-content\/uploads\/2024\/02\/Eve-Risser-Red-Desert-Orchestra_-Foto-Marc-Chesneau-2400x2060.jpg","image_2400px-width":2400,"image_2400px-height":2060,"woocommerce_thumbnail":"https:\/\/jazzkaar.ee\/wp-content\/uploads\/2024\/02\/Eve-Risser-Red-Desert-Orchestra_-Foto-Marc-Chesneau-415x415.jpg","woocommerce_thumbnail-width":415,"woocommerce_thumbnail-height":415,"woocommerce_single":"https:\/\/jazzkaar.ee\/wp-content\/uploads\/2024\/02\/Eve-Risser-Red-Desert-Orchestra_-Foto-Marc-Chesneau-600x515.jpg","woocommerce_single-width":600,"woocommerce_single-height":515,"woocommerce_gallery_thumbnail":"https:\/\/jazzkaar.ee\/wp-content\/uploads\/2024\/02\/Eve-Risser-Red-Desert-Orchestra_-Foto-Marc-Chesneau-100x100.jpg","woocommerce_gallery_thumbnail-width":100,"woocommerce_gallery_thumbnail-height":100}},"acf_date_time":"2024\/04\/22 18:00","price":"25.- \/ 18.- <br \/>\r\nFrom April 1st 30.- \/ 23.-","ticket_url":"https:\/\/piletikeskus.ee\/et\/e\/87ai1w","artists":[{"title":"","subtitle":"","text":"<p>Welcome to a musical journey that leads from the Strasbourg Conservatory to West African music traditions, curated by French pianist-composer Eve Risser with 11 fellow musicians, the Red Desert Orchestra. Wind instruments, analogue synthesizers and electric guitars pave the way for balafones, djembes and drums. The Desert Orchestra\u2019s album <i>Eurythmia<\/i> (2022) is a hypnotic and improvisational masterpiece that combines European and African traditions, doing so with respect and great joy in making music together! The 12-member ensemble breathes like a single organism, sounding authentic and free from clich\u00e9s. At Jazzkaar the group will also introduce material from their upcoming album.<\/p>\n<p>Eve Risser is an innovative composer and versatile artist who deeply understands the soul of pianos, having explored the limits of piano sounds and discovered highly original tonal nuances. In addition to her solo projects she has led several smaller and larger ensembles and performed with jazz luminaries such as Charlie Haden, Tim Murphy, Michael Formanek, Gary Thomas and Theo Bleckman. Risser\u2019s newest ensemble, Red Desert Orchestra, is a groove-oriented jazz machine that received the Paul Acket Award at the North Sea Jazz Festival in 2023. Eve Risser has previously performed at Jazzkaar in 2015 in the duo Donkey Monkey with Japanese drummer Yoko Oshima. During her student days she also participated in the Viljandi Folk Music Festival as a flautist in a French early music ensemble.<\/p>\n<p><b>We thank: <\/b><b>The French Institute of Estonia<\/b><b><span class=\"Apple-converted-space\">\u00a0<\/span><\/b><\/p>\n<p>The concert is carried out in cooperation with the Europe Jazz Network (EJN), with the <strong>Green Pilot Tour<\/strong> tour model. The aim of the Green Pilot Tours is, among other things, to plan and implement more ecologically sustainable tours, to encourage more versatile and gender-balanced programming and to promote the international mobility of artists.<\/p>\n<p><img loading=\"lazy\" decoding=\"async\" class=\"\" src=\"https:\/\/jazzkaar.ee\/wp-content\/uploads\/2024\/03\/GPT_logo-1.png\" width=\"242\" height=\"205\" \/><\/p>\n","videos":[{"video":"<iframe title=\"Intro\" width=\"520\" height=\"390\" src=\"https:\/\/www.youtube.com\/embed\/fSUEcjWFL5A?list=OLAK5uy_kg74WzdjCP94lf0xmWrFpzFhmY7VcGYqQ\" frameborder=\"0\" allow=\"accelerometer; autoplay; clipboard-write; encrypted-media; gyroscope; picture-in-picture; web-share\" referrerpolicy=\"strict-origin-when-cross-origin\" allowfullscreen><\/iframe>"}],"gallery":[{"ID":46980,"id":46980,"title":"Eve Risser Red Desert Orchestra_ Foto Marc Chesneau","filename":"Eve-Risser-Red-Desert-Orchestra_-Foto-Marc-Chesneau-scaled.jpg","filesize":476329,"url":"https:\/\/jazzkaar.ee\/wp-content\/uploads\/2024\/02\/Eve-Risser-Red-Desert-Orchestra_-Foto-Marc-Chesneau-scaled.jpg","link":"https:\/\/www.jazzkaar.ee\/en\/uritus\/eve-risser-red-desert-orchestra-eurythmia\/eve-risser-red-desert-orchestra_-foto-marc-chesneau-2\/","alt":"","author":"14","description":"","caption":"","name":"eve-risser-red-desert-orchestra_-foto-marc-chesneau-2","status":"inherit","uploaded_to":46981,"date":"2024-02-13 11:10:59","modified":"2024-02-13 11:13:07","menu_order":0,"mime_type":"image\/jpeg","type":"image","subtype":"jpeg","icon":"https:\/\/www.jazzkaar.ee\/wp-includes\/images\/media\/default.png","width":2560,"height":2197,"sizes":{"thumbnail":"https:\/\/jazzkaar.ee\/wp-content\/uploads\/2024\/02\/Eve-Risser-Red-Desert-Orchestra_-Foto-Marc-Chesneau-150x150.jpg","thumbnail-width":150,"thumbnail-height":150,"medium":"https:\/\/jazzkaar.ee\/wp-content\/uploads\/2024\/02\/Eve-Risser-Red-Desert-Orchestra_-Foto-Marc-Chesneau-300x258.jpg","medium-width":300,"medium-height":258,"medium_large":"https:\/\/jazzkaar.ee\/wp-content\/uploads\/2024\/02\/Eve-Risser-Red-Desert-Orchestra_-Foto-Marc-Chesneau-768x659.jpg","medium_large-width":768,"medium_large-height":659,"large":"https:\/\/jazzkaar.ee\/wp-content\/uploads\/2024\/02\/Eve-Risser-Red-Desert-Orchestra_-Foto-Marc-Chesneau-1024x879.jpg","large-width":1024,"large-height":879,"1536x1536":"https:\/\/jazzkaar.ee\/wp-content\/uploads\/2024\/02\/Eve-Risser-Red-Desert-Orchestra_-Foto-Marc-Chesneau-1536x1318.jpg","1536x1536-width":1536,"1536x1536-height":1318,"2048x2048":"https:\/\/jazzkaar.ee\/wp-content\/uploads\/2024\/02\/Eve-Risser-Red-Desert-Orchestra_-Foto-Marc-Chesneau-2048x1758.jpg","2048x2048-width":2048,"2048x2048-height":1758,"image_640px":"https:\/\/jazzkaar.ee\/wp-content\/uploads\/2024\/02\/Eve-Risser-Red-Desert-Orchestra_-Foto-Marc-Chesneau-640x549.jpg","image_640px-width":640,"image_640px-height":549,"image_768px":"https:\/\/jazzkaar.ee\/wp-content\/uploads\/2024\/02\/Eve-Risser-Red-Desert-Orchestra_-Foto-Marc-Chesneau-768x659.jpg","image_768px-width":768,"image_768px-height":659,"image_1024px":"https:\/\/jazzkaar.ee\/wp-content\/uploads\/2024\/02\/Eve-Risser-Red-Desert-Orchestra_-Foto-Marc-Chesneau-1024x879.jpg","image_1024px-width":1024,"image_1024px-height":879,"image_1280px":"https:\/\/jazzkaar.ee\/wp-content\/uploads\/2024\/02\/Eve-Risser-Red-Desert-Orchestra_-Foto-Marc-Chesneau-1280x1099.jpg","image_1280px-width":1280,"image_1280px-height":1099,"image_1366px":"https:\/\/jazzkaar.ee\/wp-content\/uploads\/2024\/02\/Eve-Risser-Red-Desert-Orchestra_-Foto-Marc-Chesneau-1366x1173.jpg","image_1366px-width":1366,"image_1366px-height":1173,"image_1600px":"https:\/\/jazzkaar.ee\/wp-content\/uploads\/2024\/02\/Eve-Risser-Red-Desert-Orchestra_-Foto-Marc-Chesneau-1600x1373.jpg","image_1600px-width":1600,"image_1600px-height":1373,"image_1920px":"https:\/\/jazzkaar.ee\/wp-content\/uploads\/2024\/02\/Eve-Risser-Red-Desert-Orchestra_-Foto-Marc-Chesneau-1920x1648.jpg","image_1920px-width":1920,"image_1920px-height":1648,"image_2400px":"https:\/\/jazzkaar.ee\/wp-content\/uploads\/2024\/02\/Eve-Risser-Red-Desert-Orchestra_-Foto-Marc-Chesneau-2400x2060.jpg","image_2400px-width":2400,"image_2400px-height":2060,"woocommerce_thumbnail":"https:\/\/jazzkaar.ee\/wp-content\/uploads\/2024\/02\/Eve-Risser-Red-Desert-Orchestra_-Foto-Marc-Chesneau-415x415.jpg","woocommerce_thumbnail-width":415,"woocommerce_thumbnail-height":415,"woocommerce_single":"https:\/\/jazzkaar.ee\/wp-content\/uploads\/2024\/02\/Eve-Risser-Red-Desert-Orchestra_-Foto-Marc-Chesneau-600x515.jpg","woocommerce_single-width":600,"woocommerce_single-height":515,"woocommerce_gallery_thumbnail":"https:\/\/jazzkaar.ee\/wp-content\/uploads\/2024\/02\/Eve-Risser-Red-Desert-Orchestra_-Foto-Marc-Chesneau-100x100.jpg","woocommerce_gallery_thumbnail-width":100,"woocommerce_gallery_thumbnail-height":100}}],"members":[{"name":"Eve Risser","instrument":"piano"},{"name":"Alexandra Grimal","instrument":"alto saxophone"},{"name":"Sakina Abdou","instrument":"tenor saxophone"},{"name":"Gr\u00e9goire Tirtiaux","instrument":"baritone saxophone, qarqabas"},{"name":"Nils Ostendorf","instrument":"trumpet, analogue synthesizer  "},{"name":"Matthias M\u00fcller","instrument":"trombone"},{"name":"Tatiana Paris","instrument":"electric guitar, vocals"},{"name":"Oph\u00e9lia Hi\u00e9 ","instrument":"balafon, bara, vocals"},{"name":"M\u00e9lissa Hi\u00e9","instrument":"balafon, djembe, vocals"},{"name":"Fanny Lasfargues","instrument":"bass"},{"name":"Oumarou Bambara","instrument":"djembe, bara"},{"name":"Emmanuel Scarpa","instrument":"drums, vocals"}],"artist_fb":"https:\/\/www.facebook.com\/everisser","artist_sc":"","artist_sp":"https:\/\/open.spotify.com\/artist\/2aZjbOY3pt8EAF2bjqm9jk?si=gBeXJKM_Q_SkzK_lAnWJEw","artist_ig":"https:\/\/www.instagram.com\/eve_risser?utm_source=ig_web_button_share_sheet&igsh=ZDNlZDc0MzIxNw==","artist_hp":"https:\/\/www.everisser.com\/","related_events":false}],"dont_show_frontpage":false},"yoast_head":"<!-- This site is optimized with the Yoast SEO plugin v27.3 - https:\/\/yoast.com\/product\/yoast-seo-wordpress\/ -->\n<title>Eve Risser Red Desert Orchestra, \u201cEurythmia\u201d - Festival Jazzkaar<\/title>\n<meta name=\"robots\" content=\"index, follow, max-snippet:-1, max-image-preview:large, max-video-preview:-1\" \/>\n<link rel=\"canonical\" href=\"https:\/\/www.jazzkaar.ee\/en\/uritus\/eve-risser-red-desert-orchestra-eurythmia\/\" \/>\n<meta property=\"og:locale\" content=\"en_US\" \/>\n<meta property=\"og:type\" content=\"article\" \/>\n<meta property=\"og:title\" content=\"Eve Risser Red Desert Orchestra, \u201cEurythmia\u201d - Festival Jazzkaar\" \/>\n<meta property=\"og:url\" content=\"https:\/\/www.jazzkaar.ee\/en\/uritus\/eve-risser-red-desert-orchestra-eurythmia\/\" \/>\n<meta property=\"og:site_name\" content=\"Festival Jazzkaar\" \/>\n<meta property=\"article:modified_time\" content=\"2024-04-09T12:08:59+00:00\" \/>\n<meta property=\"og:image\" content=\"http:\/\/default\" \/>\n<meta name=\"twitter:card\" content=\"summary_large_image\" \/>\n<meta name=\"twitter:label1\" content=\"Est. reading time\" \/>\n\t<meta name=\"twitter:data1\" content=\"3 minutes\" \/>\n<script type=\"application\/ld+json\" class=\"yoast-schema-graph\">{\"@context\":\"https:\\\/\\\/schema.org\",\"@graph\":[{\"@type\":\"WebPage\",\"@id\":\"https:\\\/\\\/www.jazzkaar.ee\\\/en\\\/uritus\\\/eve-risser-red-desert-orchestra-eurythmia\\\/\",\"url\":\"https:\\\/\\\/www.jazzkaar.ee\\\/en\\\/uritus\\\/eve-risser-red-desert-orchestra-eurythmia\\\/\",\"name\":\"Eve Risser Red Desert Orchestra, \u201cEurythmia\u201d - Festival Jazzkaar\",\"isPartOf\":{\"@id\":\"https:\\\/\\\/www.jazzkaar.ee\\\/en\\\/#website\"},\"datePublished\":\"2024-02-14T05:29:29+00:00\",\"dateModified\":\"2024-04-09T12:08:59+00:00\",\"breadcrumb\":{\"@id\":\"https:\\\/\\\/www.jazzkaar.ee\\\/en\\\/uritus\\\/eve-risser-red-desert-orchestra-eurythmia\\\/#breadcrumb\"},\"inLanguage\":\"en-US\",\"potentialAction\":[{\"@type\":\"ReadAction\",\"target\":[\"https:\\\/\\\/www.jazzkaar.ee\\\/en\\\/uritus\\\/eve-risser-red-desert-orchestra-eurythmia\\\/\"]}]},{\"@type\":\"BreadcrumbList\",\"@id\":\"https:\\\/\\\/www.jazzkaar.ee\\\/en\\\/uritus\\\/eve-risser-red-desert-orchestra-eurythmia\\\/#breadcrumb\",\"itemListElement\":[{\"@type\":\"ListItem\",\"position\":1,\"name\":\"Home\",\"item\":\"https:\\\/\\\/www.jazzkaar.ee\\\/en\\\/\"},{\"@type\":\"ListItem\",\"position\":2,\"name\":\"Eve Risser Red Desert Orchestra, \u201cEurythmia\u201d\"}]},{\"@type\":\"WebSite\",\"@id\":\"https:\\\/\\\/www.jazzkaar.ee\\\/en\\\/#website\",\"url\":\"https:\\\/\\\/www.jazzkaar.ee\\\/en\\\/\",\"name\":\"Festival Jazzkaar\",\"description\":\"\",\"publisher\":{\"@id\":\"https:\\\/\\\/www.jazzkaar.ee\\\/en\\\/#organization\"},\"potentialAction\":[{\"@type\":\"SearchAction\",\"target\":{\"@type\":\"EntryPoint\",\"urlTemplate\":\"https:\\\/\\\/www.jazzkaar.ee\\\/en\\\/?s={search_term_string}\"},\"query-input\":{\"@type\":\"PropertyValueSpecification\",\"valueRequired\":true,\"valueName\":\"search_term_string\"}}],\"inLanguage\":\"en-US\"},{\"@type\":\"Organization\",\"@id\":\"https:\\\/\\\/www.jazzkaar.ee\\\/en\\\/#organization\",\"name\":\"Festival Jazzkaar\",\"url\":\"https:\\\/\\\/www.jazzkaar.ee\\\/en\\\/\",\"logo\":{\"@type\":\"ImageObject\",\"inLanguage\":\"en-US\",\"@id\":\"https:\\\/\\\/www.jazzkaar.ee\\\/en\\\/#\\\/schema\\\/logo\\\/image\\\/\",\"url\":\"https:\\\/\\\/jazzkaar.ee\\\/wp-content\\\/uploads\\\/2022\\\/10\\\/Screenshot-2022-10-05-at-11.22.31.png\",\"contentUrl\":\"https:\\\/\\\/jazzkaar.ee\\\/wp-content\\\/uploads\\\/2022\\\/10\\\/Screenshot-2022-10-05-at-11.22.31.png\",\"width\":1210,\"height\":664,\"caption\":\"Festival Jazzkaar\"},\"image\":{\"@id\":\"https:\\\/\\\/www.jazzkaar.ee\\\/en\\\/#\\\/schema\\\/logo\\\/image\\\/\"}}]}<\/script>\n<!-- \/ Yoast SEO plugin. -->","yoast_head_json":{"title":"Eve Risser Red Desert Orchestra, \u201cEurythmia\u201d - Festival Jazzkaar","robots":{"index":"index","follow":"follow","max-snippet":"max-snippet:-1","max-image-preview":"max-image-preview:large","max-video-preview":"max-video-preview:-1"},"canonical":"https:\/\/www.jazzkaar.ee\/en\/uritus\/eve-risser-red-desert-orchestra-eurythmia\/","og_locale":"en_US","og_type":"article","og_title":"Eve Risser Red Desert Orchestra, \u201cEurythmia\u201d - Festival Jazzkaar","og_url":"https:\/\/www.jazzkaar.ee\/en\/uritus\/eve-risser-red-desert-orchestra-eurythmia\/","og_site_name":"Festival Jazzkaar","article_modified_time":"2024-04-09T12:08:59+00:00","og_image":[{"url":"default","type":"","width":"","height":""}],"twitter_card":"summary_large_image","twitter_misc":{"Est. reading time":"3 minutes"},"schema":{"@context":"https:\/\/schema.org","@graph":[{"@type":"WebPage","@id":"https:\/\/www.jazzkaar.ee\/en\/uritus\/eve-risser-red-desert-orchestra-eurythmia\/","url":"https:\/\/www.jazzkaar.ee\/en\/uritus\/eve-risser-red-desert-orchestra-eurythmia\/","name":"Eve Risser Red Desert Orchestra, \u201cEurythmia\u201d - Festival Jazzkaar","isPartOf":{"@id":"https:\/\/www.jazzkaar.ee\/en\/#website"},"datePublished":"2024-02-14T05:29:29+00:00","dateModified":"2024-04-09T12:08:59+00:00","breadcrumb":{"@id":"https:\/\/www.jazzkaar.ee\/en\/uritus\/eve-risser-red-desert-orchestra-eurythmia\/#breadcrumb"},"inLanguage":"en-US","potentialAction":[{"@type":"ReadAction","target":["https:\/\/www.jazzkaar.ee\/en\/uritus\/eve-risser-red-desert-orchestra-eurythmia\/"]}]},{"@type":"BreadcrumbList","@id":"https:\/\/www.jazzkaar.ee\/en\/uritus\/eve-risser-red-desert-orchestra-eurythmia\/#breadcrumb","itemListElement":[{"@type":"ListItem","position":1,"name":"Home","item":"https:\/\/www.jazzkaar.ee\/en\/"},{"@type":"ListItem","position":2,"name":"Eve Risser Red Desert Orchestra, \u201cEurythmia\u201d"}]},{"@type":"WebSite","@id":"https:\/\/www.jazzkaar.ee\/en\/#website","url":"https:\/\/www.jazzkaar.ee\/en\/","name":"Festival Jazzkaar","description":"","publisher":{"@id":"https:\/\/www.jazzkaar.ee\/en\/#organization"},"potentialAction":[{"@type":"SearchAction","target":{"@type":"EntryPoint","urlTemplate":"https:\/\/www.jazzkaar.ee\/en\/?s={search_term_string}"},"query-input":{"@type":"PropertyValueSpecification","valueRequired":true,"valueName":"search_term_string"}}],"inLanguage":"en-US"},{"@type":"Organization","@id":"https:\/\/www.jazzkaar.ee\/en\/#organization","name":"Festival Jazzkaar","url":"https:\/\/www.jazzkaar.ee\/en\/","logo":{"@type":"ImageObject","inLanguage":"en-US","@id":"https:\/\/www.jazzkaar.ee\/en\/#\/schema\/logo\/image\/","url":"https:\/\/jazzkaar.ee\/wp-content\/uploads\/2022\/10\/Screenshot-2022-10-05-at-11.22.31.png","contentUrl":"https:\/\/jazzkaar.ee\/wp-content\/uploads\/2022\/10\/Screenshot-2022-10-05-at-11.22.31.png","width":1210,"height":664,"caption":"Festival Jazzkaar"},"image":{"@id":"https:\/\/www.jazzkaar.ee\/en\/#\/schema\/logo\/image\/"}}]}},"_links":{"self":[{"href":"https:\/\/www.jazzkaar.ee\/en\/wp-json\/wp\/v2\/cpt_event\/46981","targetHints":{"allow":["GET"]}}],"collection":[{"href":"https:\/\/www.jazzkaar.ee\/en\/wp-json\/wp\/v2\/cpt_event"}],"about":[{"href":"https:\/\/www.jazzkaar.ee\/en\/wp-json\/wp\/v2\/types\/cpt_event"}],"wp:attachment":[{"href":"https:\/\/www.jazzkaar.ee\/en\/wp-json\/wp\/v2\/media?parent=46981"}],"wp:term":[{"taxonomy":"event_location","embeddable":true,"href":"https:\/\/www.jazzkaar.ee\/en\/wp-json\/wp\/v2\/event_location?post=46981"},{"taxonomy":"event_tag","embeddable":true,"href":"https:\/\/www.jazzkaar.ee\/en\/wp-json\/wp\/v2\/event_tag?post=46981"},{"taxonomy":"festivals","embeddable":true,"href":"https:\/\/www.jazzkaar.ee\/en\/wp-json\/wp\/v2\/festivals?post=46981"}],"curies":[{"name":"wp","href":"https:\/\/api.w.org\/{rel}","templated":true}]}}