{"id":45812,"date":"2023-03-22T14:05:59","date_gmt":"2023-03-22T12:05:59","guid":{"rendered":"https:\/\/jazzkaar.ee\/?post_type=cpt_event&#038;p=45812"},"modified":"2023-03-23T09:16:32","modified_gmt":"2023-03-23T07:16:32","slug":"maria-faust-solo","status":"publish","type":"cpt_event","link":"https:\/\/jazzkaar.ee\/en\/uritus\/maria-faust-solo\/","title":{"rendered":"Home concert: Maria Faust solo"},"template":"","event_location":[3193,3088],"event_tag":[],"festivals":[2876],"class_list":["post-45812","cpt_event","type-cpt_event","status-publish","hentry","event_location-nomme","event_location-tallinn-2","festivals-jazzkaar-en"],"acf":{"has_ticket":false,"subtitle":"","image":{"ID":45811,"id":45811,"title":"Maria Faust_foto Rauno Volmar","filename":"Maria-Faust_foto-Rauno-Volmar-scaled.jpeg","filesize":400385,"url":"https:\/\/jazzkaar.ee\/wp-content\/uploads\/2023\/03\/Maria-Faust_foto-Rauno-Volmar-scaled.jpeg","link":"https:\/\/jazzkaar.ee\/en\/uritus\/maria-faust-solo\/maria-faust_foto-rauno-volmar-2\/","alt":"Maria Faust","author":"14","description":"","caption":"","name":"maria-faust_foto-rauno-volmar-2","status":"inherit","uploaded_to":45812,"date":"2023-03-22 12:00:21","modified":"2023-04-25 09:04:08","menu_order":0,"mime_type":"image\/jpeg","type":"image","subtype":"jpeg","icon":"https:\/\/jazzkaar.ee\/wp-includes\/images\/media\/default.png","width":2560,"height":1809,"sizes":{"thumbnail":"https:\/\/jazzkaar.ee\/wp-content\/uploads\/2023\/03\/Maria-Faust_foto-Rauno-Volmar-150x150.jpeg","thumbnail-width":150,"thumbnail-height":150,"medium":"https:\/\/jazzkaar.ee\/wp-content\/uploads\/2023\/03\/Maria-Faust_foto-Rauno-Volmar-300x212.jpeg","medium-width":300,"medium-height":212,"medium_large":"https:\/\/jazzkaar.ee\/wp-content\/uploads\/2023\/03\/Maria-Faust_foto-Rauno-Volmar-768x543.jpeg","medium_large-width":768,"medium_large-height":543,"large":"https:\/\/jazzkaar.ee\/wp-content\/uploads\/2023\/03\/Maria-Faust_foto-Rauno-Volmar-1024x724.jpeg","large-width":1024,"large-height":724,"1536x1536":"https:\/\/jazzkaar.ee\/wp-content\/uploads\/2023\/03\/Maria-Faust_foto-Rauno-Volmar-1536x1085.jpeg","1536x1536-width":1536,"1536x1536-height":1085,"2048x2048":"https:\/\/jazzkaar.ee\/wp-content\/uploads\/2023\/03\/Maria-Faust_foto-Rauno-Volmar-2048x1447.jpeg","2048x2048-width":2048,"2048x2048-height":1447,"image_640px":"https:\/\/jazzkaar.ee\/wp-content\/uploads\/2023\/03\/Maria-Faust_foto-Rauno-Volmar-640x452.jpeg","image_640px-width":640,"image_640px-height":452,"image_768px":"https:\/\/jazzkaar.ee\/wp-content\/uploads\/2023\/03\/Maria-Faust_foto-Rauno-Volmar-768x543.jpeg","image_768px-width":768,"image_768px-height":543,"image_1024px":"https:\/\/jazzkaar.ee\/wp-content\/uploads\/2023\/03\/Maria-Faust_foto-Rauno-Volmar-1024x724.jpeg","image_1024px-width":1024,"image_1024px-height":724,"image_1280px":"https:\/\/jazzkaar.ee\/wp-content\/uploads\/2023\/03\/Maria-Faust_foto-Rauno-Volmar-1280x905.jpeg","image_1280px-width":1280,"image_1280px-height":905,"image_1366px":"https:\/\/jazzkaar.ee\/wp-content\/uploads\/2023\/03\/Maria-Faust_foto-Rauno-Volmar-1366x965.jpeg","image_1366px-width":1366,"image_1366px-height":965,"image_1600px":"https:\/\/jazzkaar.ee\/wp-content\/uploads\/2023\/03\/Maria-Faust_foto-Rauno-Volmar-1600x1131.jpeg","image_1600px-width":1600,"image_1600px-height":1131,"image_1920px":"https:\/\/jazzkaar.ee\/wp-content\/uploads\/2023\/03\/Maria-Faust_foto-Rauno-Volmar-1920x1357.jpeg","image_1920px-width":1920,"image_1920px-height":1357,"image_2400px":"https:\/\/jazzkaar.ee\/wp-content\/uploads\/2023\/03\/Maria-Faust_foto-Rauno-Volmar-2400x1696.jpeg","image_2400px-width":2400,"image_2400px-height":1696,"woocommerce_thumbnail":"https:\/\/jazzkaar.ee\/wp-content\/uploads\/2023\/03\/Maria-Faust_foto-Rauno-Volmar-415x415.jpeg","woocommerce_thumbnail-width":415,"woocommerce_thumbnail-height":415,"woocommerce_single":"https:\/\/jazzkaar.ee\/wp-content\/uploads\/2023\/03\/Maria-Faust_foto-Rauno-Volmar-600x424.jpeg","woocommerce_single-width":600,"woocommerce_single-height":424,"woocommerce_gallery_thumbnail":"https:\/\/jazzkaar.ee\/wp-content\/uploads\/2023\/03\/Maria-Faust_foto-Rauno-Volmar-100x100.jpeg","woocommerce_gallery_thumbnail-width":100,"woocommerce_gallery_thumbnail-height":100}},"acf_date_time":"2023\/04\/27 19:00","price":"25.-","ticket_url":"https:\/\/piletikeskus.ee\/en\/ag47ye","artists":[{"title":"","subtitle":"","text":"<p><span style=\"font-weight: 400;\">Maria Faust on saksofonist, helilooja ja arran\u017eeerija, \u00fcks rahvusvaheliselt tunnustatumaid Eesti jazzartiste, kes on oma loomingu sidunud jazzmuusika alternatiivsema poolega. Maria Fausti sisutihedat, erinevaid stiile \u2013 jazz, <\/span><i><span style=\"font-weight: 400;\">avant-garde<\/span><\/i><span style=\"font-weight: 400;\">, <\/span><i><span style=\"font-weight: 400;\">third stream <\/span><\/i><span style=\"font-weight: 400;\">jazz, improvisatsioon \u2013 s\u00fcnteesivat heliloomingut tuntakse ja hinnatakse kontserdilavadel \u00fcle maailma.<\/span><\/p>\n<p><span style=\"font-weight: 400;\">2022. aastal andis Faust v\u00e4lja oma esimese sooloalbumi &#8220;MOnuMENT&#8221;, mille maailma vanimaid ja m\u00f5jukamaid jazziajakirju The New York City Jazz Record valis 2022. aasta viie parima sooloalbumi hulka. &#8220;Sooloalbum ei ole selline asi, mille teeme niisama taustaks \u00e4ra, pigem on see k\u00fcpsuse, eneseusalduse ja -teadvuse hetk kunstniku elus,&#8221; t\u00f5des Faust. &#8220;MOnuMENT&#8221; on inspireeritud Louis Kahni monumentaalsest arhitektuurist, tuues ruumi loova valguse ja varju muusikasse.\u00a0<\/span><\/p>\n<p><span style=\"font-weight: 400;\">Kodukontserdil N\u00f5mmel m\u00e4ngib Faust samuti ruumiga \u2013 spontaanne, kohapeal improviseeritud tornaado peegeldab inimest t\u00e4nases ajas ja ruumis, unikaalses soolokavas kohtub paus tiheda k\u00f5lamustriga, nii nagu valgus kohtub varjuga.<\/span><\/p>\n","videos":false,"gallery":[{"ID":45811,"id":45811,"title":"Maria Faust_foto Rauno Volmar","filename":"Maria-Faust_foto-Rauno-Volmar-scaled.jpeg","filesize":400385,"url":"https:\/\/jazzkaar.ee\/wp-content\/uploads\/2023\/03\/Maria-Faust_foto-Rauno-Volmar-scaled.jpeg","link":"https:\/\/jazzkaar.ee\/en\/uritus\/maria-faust-solo\/maria-faust_foto-rauno-volmar-2\/","alt":"Maria Faust","author":"14","description":"","caption":"","name":"maria-faust_foto-rauno-volmar-2","status":"inherit","uploaded_to":45812,"date":"2023-03-22 12:00:21","modified":"2023-04-25 09:04:08","menu_order":0,"mime_type":"image\/jpeg","type":"image","subtype":"jpeg","icon":"https:\/\/jazzkaar.ee\/wp-includes\/images\/media\/default.png","width":2560,"height":1809,"sizes":{"thumbnail":"https:\/\/jazzkaar.ee\/wp-content\/uploads\/2023\/03\/Maria-Faust_foto-Rauno-Volmar-150x150.jpeg","thumbnail-width":150,"thumbnail-height":150,"medium":"https:\/\/jazzkaar.ee\/wp-content\/uploads\/2023\/03\/Maria-Faust_foto-Rauno-Volmar-300x212.jpeg","medium-width":300,"medium-height":212,"medium_large":"https:\/\/jazzkaar.ee\/wp-content\/uploads\/2023\/03\/Maria-Faust_foto-Rauno-Volmar-768x543.jpeg","medium_large-width":768,"medium_large-height":543,"large":"https:\/\/jazzkaar.ee\/wp-content\/uploads\/2023\/03\/Maria-Faust_foto-Rauno-Volmar-1024x724.jpeg","large-width":1024,"large-height":724,"1536x1536":"https:\/\/jazzkaar.ee\/wp-content\/uploads\/2023\/03\/Maria-Faust_foto-Rauno-Volmar-1536x1085.jpeg","1536x1536-width":1536,"1536x1536-height":1085,"2048x2048":"https:\/\/jazzkaar.ee\/wp-content\/uploads\/2023\/03\/Maria-Faust_foto-Rauno-Volmar-2048x1447.jpeg","2048x2048-width":2048,"2048x2048-height":1447,"image_640px":"https:\/\/jazzkaar.ee\/wp-content\/uploads\/2023\/03\/Maria-Faust_foto-Rauno-Volmar-640x452.jpeg","image_640px-width":640,"image_640px-height":452,"image_768px":"https:\/\/jazzkaar.ee\/wp-content\/uploads\/2023\/03\/Maria-Faust_foto-Rauno-Volmar-768x543.jpeg","image_768px-width":768,"image_768px-height":543,"image_1024px":"https:\/\/jazzkaar.ee\/wp-content\/uploads\/2023\/03\/Maria-Faust_foto-Rauno-Volmar-1024x724.jpeg","image_1024px-width":1024,"image_1024px-height":724,"image_1280px":"https:\/\/jazzkaar.ee\/wp-content\/uploads\/2023\/03\/Maria-Faust_foto-Rauno-Volmar-1280x905.jpeg","image_1280px-width":1280,"image_1280px-height":905,"image_1366px":"https:\/\/jazzkaar.ee\/wp-content\/uploads\/2023\/03\/Maria-Faust_foto-Rauno-Volmar-1366x965.jpeg","image_1366px-width":1366,"image_1366px-height":965,"image_1600px":"https:\/\/jazzkaar.ee\/wp-content\/uploads\/2023\/03\/Maria-Faust_foto-Rauno-Volmar-1600x1131.jpeg","image_1600px-width":1600,"image_1600px-height":1131,"image_1920px":"https:\/\/jazzkaar.ee\/wp-content\/uploads\/2023\/03\/Maria-Faust_foto-Rauno-Volmar-1920x1357.jpeg","image_1920px-width":1920,"image_1920px-height":1357,"image_2400px":"https:\/\/jazzkaar.ee\/wp-content\/uploads\/2023\/03\/Maria-Faust_foto-Rauno-Volmar-2400x1696.jpeg","image_2400px-width":2400,"image_2400px-height":1696,"woocommerce_thumbnail":"https:\/\/jazzkaar.ee\/wp-content\/uploads\/2023\/03\/Maria-Faust_foto-Rauno-Volmar-415x415.jpeg","woocommerce_thumbnail-width":415,"woocommerce_thumbnail-height":415,"woocommerce_single":"https:\/\/jazzkaar.ee\/wp-content\/uploads\/2023\/03\/Maria-Faust_foto-Rauno-Volmar-600x424.jpeg","woocommerce_single-width":600,"woocommerce_single-height":424,"woocommerce_gallery_thumbnail":"https:\/\/jazzkaar.ee\/wp-content\/uploads\/2023\/03\/Maria-Faust_foto-Rauno-Volmar-100x100.jpeg","woocommerce_gallery_thumbnail-width":100,"woocommerce_gallery_thumbnail-height":100}}],"members":[{"name":"Maria Faust","instrument":"saxophone"}],"artist_fb":"","artist_sc":"","artist_sp":"","artist_ig":"","artist_hp":"","related_events":false}],"dont_show_frontpage":false},"yoast_head":"<!-- This site is optimized with the Yoast SEO plugin v27.5 - https:\/\/yoast.com\/product\/yoast-seo-wordpress\/ -->\n<title>Home concert: Maria Faust solo - Festival Jazzkaar<\/title>\n<meta name=\"robots\" content=\"index, follow, max-snippet:-1, max-image-preview:large, max-video-preview:-1\" \/>\n<link rel=\"canonical\" href=\"https:\/\/jazzkaar.ee\/en\/uritus\/maria-faust-solo\/\" \/>\n<meta property=\"og:locale\" content=\"en_US\" \/>\n<meta property=\"og:type\" content=\"article\" \/>\n<meta property=\"og:title\" content=\"Home concert: Maria Faust solo - Festival Jazzkaar\" \/>\n<meta property=\"og:url\" content=\"https:\/\/jazzkaar.ee\/en\/uritus\/maria-faust-solo\/\" \/>\n<meta property=\"og:site_name\" content=\"Festival Jazzkaar\" \/>\n<meta property=\"article:modified_time\" content=\"2023-03-23T07:16:32+00:00\" \/>\n<meta property=\"og:image\" content=\"http:\/\/default\" \/>\n<meta name=\"twitter:card\" content=\"summary_large_image\" \/>\n<script type=\"application\/ld+json\" class=\"yoast-schema-graph\">{\"@context\":\"https:\\\/\\\/schema.org\",\"@graph\":[{\"@type\":\"WebPage\",\"@id\":\"https:\\\/\\\/jazzkaar.ee\\\/en\\\/uritus\\\/maria-faust-solo\\\/\",\"url\":\"https:\\\/\\\/jazzkaar.ee\\\/en\\\/uritus\\\/maria-faust-solo\\\/\",\"name\":\"Home concert: Maria Faust solo - Festival Jazzkaar\",\"isPartOf\":{\"@id\":\"https:\\\/\\\/www.jazzkaar.ee\\\/en\\\/#website\"},\"datePublished\":\"2023-03-22T12:05:59+00:00\",\"dateModified\":\"2023-03-23T07:16:32+00:00\",\"breadcrumb\":{\"@id\":\"https:\\\/\\\/jazzkaar.ee\\\/en\\\/uritus\\\/maria-faust-solo\\\/#breadcrumb\"},\"inLanguage\":\"en-US\",\"potentialAction\":[{\"@type\":\"ReadAction\",\"target\":[\"https:\\\/\\\/jazzkaar.ee\\\/en\\\/uritus\\\/maria-faust-solo\\\/\"]}]},{\"@type\":\"BreadcrumbList\",\"@id\":\"https:\\\/\\\/jazzkaar.ee\\\/en\\\/uritus\\\/maria-faust-solo\\\/#breadcrumb\",\"itemListElement\":[{\"@type\":\"ListItem\",\"position\":1,\"name\":\"Home\",\"item\":\"https:\\\/\\\/jazzkaar.ee\\\/en\\\/\"},{\"@type\":\"ListItem\",\"position\":2,\"name\":\"Home concert: Maria Faust solo\"}]},{\"@type\":\"WebSite\",\"@id\":\"https:\\\/\\\/www.jazzkaar.ee\\\/en\\\/#website\",\"url\":\"https:\\\/\\\/www.jazzkaar.ee\\\/en\\\/\",\"name\":\"Festival Jazzkaar\",\"description\":\"\",\"publisher\":{\"@id\":\"https:\\\/\\\/www.jazzkaar.ee\\\/en\\\/#organization\"},\"potentialAction\":[{\"@type\":\"SearchAction\",\"target\":{\"@type\":\"EntryPoint\",\"urlTemplate\":\"https:\\\/\\\/www.jazzkaar.ee\\\/en\\\/?s={search_term_string}\"},\"query-input\":{\"@type\":\"PropertyValueSpecification\",\"valueRequired\":true,\"valueName\":\"search_term_string\"}}],\"inLanguage\":\"en-US\"},{\"@type\":\"Organization\",\"@id\":\"https:\\\/\\\/www.jazzkaar.ee\\\/en\\\/#organization\",\"name\":\"Festival Jazzkaar\",\"url\":\"https:\\\/\\\/www.jazzkaar.ee\\\/en\\\/\",\"logo\":{\"@type\":\"ImageObject\",\"inLanguage\":\"en-US\",\"@id\":\"https:\\\/\\\/www.jazzkaar.ee\\\/en\\\/#\\\/schema\\\/logo\\\/image\\\/\",\"url\":\"https:\\\/\\\/jazzkaar.ee\\\/wp-content\\\/uploads\\\/2022\\\/10\\\/Screenshot-2022-10-05-at-11.22.31.png\",\"contentUrl\":\"https:\\\/\\\/jazzkaar.ee\\\/wp-content\\\/uploads\\\/2022\\\/10\\\/Screenshot-2022-10-05-at-11.22.31.png\",\"width\":1210,\"height\":664,\"caption\":\"Festival Jazzkaar\"},\"image\":{\"@id\":\"https:\\\/\\\/www.jazzkaar.ee\\\/en\\\/#\\\/schema\\\/logo\\\/image\\\/\"}}]}<\/script>\n<!-- \/ Yoast SEO plugin. -->","yoast_head_json":{"title":"Home concert: Maria Faust solo - Festival Jazzkaar","robots":{"index":"index","follow":"follow","max-snippet":"max-snippet:-1","max-image-preview":"max-image-preview:large","max-video-preview":"max-video-preview:-1"},"canonical":"https:\/\/jazzkaar.ee\/en\/uritus\/maria-faust-solo\/","og_locale":"en_US","og_type":"article","og_title":"Home concert: Maria Faust solo - Festival Jazzkaar","og_url":"https:\/\/jazzkaar.ee\/en\/uritus\/maria-faust-solo\/","og_site_name":"Festival Jazzkaar","article_modified_time":"2023-03-23T07:16:32+00:00","og_image":[{"url":"default","type":"","width":"","height":""}],"twitter_card":"summary_large_image","schema":{"@context":"https:\/\/schema.org","@graph":[{"@type":"WebPage","@id":"https:\/\/jazzkaar.ee\/en\/uritus\/maria-faust-solo\/","url":"https:\/\/jazzkaar.ee\/en\/uritus\/maria-faust-solo\/","name":"Home concert: Maria Faust solo - Festival Jazzkaar","isPartOf":{"@id":"https:\/\/www.jazzkaar.ee\/en\/#website"},"datePublished":"2023-03-22T12:05:59+00:00","dateModified":"2023-03-23T07:16:32+00:00","breadcrumb":{"@id":"https:\/\/jazzkaar.ee\/en\/uritus\/maria-faust-solo\/#breadcrumb"},"inLanguage":"en-US","potentialAction":[{"@type":"ReadAction","target":["https:\/\/jazzkaar.ee\/en\/uritus\/maria-faust-solo\/"]}]},{"@type":"BreadcrumbList","@id":"https:\/\/jazzkaar.ee\/en\/uritus\/maria-faust-solo\/#breadcrumb","itemListElement":[{"@type":"ListItem","position":1,"name":"Home","item":"https:\/\/jazzkaar.ee\/en\/"},{"@type":"ListItem","position":2,"name":"Home concert: Maria Faust solo"}]},{"@type":"WebSite","@id":"https:\/\/www.jazzkaar.ee\/en\/#website","url":"https:\/\/www.jazzkaar.ee\/en\/","name":"Festival Jazzkaar","description":"","publisher":{"@id":"https:\/\/www.jazzkaar.ee\/en\/#organization"},"potentialAction":[{"@type":"SearchAction","target":{"@type":"EntryPoint","urlTemplate":"https:\/\/www.jazzkaar.ee\/en\/?s={search_term_string}"},"query-input":{"@type":"PropertyValueSpecification","valueRequired":true,"valueName":"search_term_string"}}],"inLanguage":"en-US"},{"@type":"Organization","@id":"https:\/\/www.jazzkaar.ee\/en\/#organization","name":"Festival Jazzkaar","url":"https:\/\/www.jazzkaar.ee\/en\/","logo":{"@type":"ImageObject","inLanguage":"en-US","@id":"https:\/\/www.jazzkaar.ee\/en\/#\/schema\/logo\/image\/","url":"https:\/\/jazzkaar.ee\/wp-content\/uploads\/2022\/10\/Screenshot-2022-10-05-at-11.22.31.png","contentUrl":"https:\/\/jazzkaar.ee\/wp-content\/uploads\/2022\/10\/Screenshot-2022-10-05-at-11.22.31.png","width":1210,"height":664,"caption":"Festival Jazzkaar"},"image":{"@id":"https:\/\/www.jazzkaar.ee\/en\/#\/schema\/logo\/image\/"}}]}},"_links":{"self":[{"href":"https:\/\/jazzkaar.ee\/en\/wp-json\/wp\/v2\/cpt_event\/45812","targetHints":{"allow":["GET"]}}],"collection":[{"href":"https:\/\/jazzkaar.ee\/en\/wp-json\/wp\/v2\/cpt_event"}],"about":[{"href":"https:\/\/jazzkaar.ee\/en\/wp-json\/wp\/v2\/types\/cpt_event"}],"wp:attachment":[{"href":"https:\/\/jazzkaar.ee\/en\/wp-json\/wp\/v2\/media?parent=45812"}],"wp:term":[{"taxonomy":"event_location","embeddable":true,"href":"https:\/\/jazzkaar.ee\/en\/wp-json\/wp\/v2\/event_location?post=45812"},{"taxonomy":"event_tag","embeddable":true,"href":"https:\/\/jazzkaar.ee\/en\/wp-json\/wp\/v2\/event_tag?post=45812"},{"taxonomy":"festivals","embeddable":true,"href":"https:\/\/jazzkaar.ee\/en\/wp-json\/wp\/v2\/festivals?post=45812"}],"curies":[{"name":"wp","href":"https:\/\/api.w.org\/{rel}","templated":true}]}}