{"id":43081,"date":"2022-01-12T08:00:56","date_gmt":"2022-01-12T06:00:56","guid":{"rendered":"https:\/\/jazzkaar.ee\/?post_type=cpt_event&#038;p=43081"},"modified":"2022-01-12T11:15:20","modified_gmt":"2022-01-12T09:15:20","slug":"jt-conception-feat-nils-landgren-2","status":"publish","type":"cpt_event","link":"https:\/\/jazzkaar.ee\/en\/uritus\/jt-conception-feat-nils-landgren-2\/","title":{"rendered":"JT Conception feat. Nils Landgren"},"template":"","event_location":[2908],"event_tag":[2900,2904],"festivals":[2886],"class_list":["post-43081","cpt_event","type-cpt_event","status-publish","hentry","event_location-tartu-eesti-rahva-muuseum-en","event_tag-bass-en","event_tag-legend-en","festivals-talvejazz-en"],"acf":{"has_ticket":true,"ticket_select":false,"subtitle":"Estonia-Sweden","image":{"ID":43072,"id":43072,"title":"Janno Trump_RAUD9230-Edit","filename":"Janno-Trump_RAUD9230-Edit-scaled.jpg","filesize":165461,"url":"https:\/\/jazzkaar.ee\/wp-content\/uploads\/2022\/01\/Janno-Trump_RAUD9230-Edit-scaled.jpg","link":"https:\/\/jazzkaar.ee\/en\/uritus\/jt-conception-feat-nils-landgren\/janno-trump_raud9230-edit-2\/","alt":"","author":"3","description":"","caption":"","name":"janno-trump_raud9230-edit-2","status":"inherit","uploaded_to":43079,"date":"2022-01-11 14:27:29","modified":"2022-01-11 14:27:29","menu_order":0,"mime_type":"image\/jpeg","type":"image","subtype":"jpeg","icon":"https:\/\/jazzkaar.ee\/wp-includes\/images\/media\/default.png","width":1707,"height":2560,"sizes":{"thumbnail":"https:\/\/jazzkaar.ee\/wp-content\/uploads\/2022\/01\/Janno-Trump_RAUD9230-Edit-150x150.jpg","thumbnail-width":150,"thumbnail-height":150,"medium":"https:\/\/jazzkaar.ee\/wp-content\/uploads\/2022\/01\/Janno-Trump_RAUD9230-Edit-200x300.jpg","medium-width":200,"medium-height":300,"medium_large":"https:\/\/jazzkaar.ee\/wp-content\/uploads\/2022\/01\/Janno-Trump_RAUD9230-Edit-768x1152.jpg","medium_large-width":768,"medium_large-height":1152,"large":"https:\/\/jazzkaar.ee\/wp-content\/uploads\/2022\/01\/Janno-Trump_RAUD9230-Edit-683x1024.jpg","large-width":683,"large-height":1024,"1536x1536":"https:\/\/jazzkaar.ee\/wp-content\/uploads\/2022\/01\/Janno-Trump_RAUD9230-Edit-1024x1536.jpg","1536x1536-width":1024,"1536x1536-height":1536,"2048x2048":"https:\/\/jazzkaar.ee\/wp-content\/uploads\/2022\/01\/Janno-Trump_RAUD9230-Edit-1365x2048.jpg","2048x2048-width":1365,"2048x2048-height":2048,"image_640px":"https:\/\/jazzkaar.ee\/wp-content\/uploads\/2022\/01\/Janno-Trump_RAUD9230-Edit-640x960.jpg","image_640px-width":640,"image_640px-height":960,"image_768px":"https:\/\/jazzkaar.ee\/wp-content\/uploads\/2022\/01\/Janno-Trump_RAUD9230-Edit-768x1152.jpg","image_768px-width":768,"image_768px-height":1152,"image_1024px":"https:\/\/jazzkaar.ee\/wp-content\/uploads\/2022\/01\/Janno-Trump_RAUD9230-Edit-1024x1536.jpg","image_1024px-width":1024,"image_1024px-height":1536,"image_1280px":"https:\/\/jazzkaar.ee\/wp-content\/uploads\/2022\/01\/Janno-Trump_RAUD9230-Edit-1280x1920.jpg","image_1280px-width":1280,"image_1280px-height":1920,"image_1366px":"https:\/\/jazzkaar.ee\/wp-content\/uploads\/2022\/01\/Janno-Trump_RAUD9230-Edit-1366x2049.jpg","image_1366px-width":1366,"image_1366px-height":2049,"image_1600px":"https:\/\/jazzkaar.ee\/wp-content\/uploads\/2022\/01\/Janno-Trump_RAUD9230-Edit-1600x2400.jpg","image_1600px-width":1600,"image_1600px-height":2400,"image_1920px":"https:\/\/jazzkaar.ee\/wp-content\/uploads\/2022\/01\/Janno-Trump_RAUD9230-Edit-1920x2880.jpg","image_1920px-width":1920,"image_1920px-height":2880,"image_2400px":"https:\/\/jazzkaar.ee\/wp-content\/uploads\/2022\/01\/Janno-Trump_RAUD9230-Edit-2400x3600.jpg","image_2400px-width":2400,"image_2400px-height":3600,"woocommerce_thumbnail":"https:\/\/jazzkaar.ee\/wp-content\/uploads\/2022\/01\/Janno-Trump_RAUD9230-Edit-415x415.jpg","woocommerce_thumbnail-width":415,"woocommerce_thumbnail-height":415,"woocommerce_single":"https:\/\/jazzkaar.ee\/wp-content\/uploads\/2022\/01\/Janno-Trump_RAUD9230-Edit-600x900.jpg","woocommerce_single-width":600,"woocommerce_single-height":900,"woocommerce_gallery_thumbnail":"https:\/\/jazzkaar.ee\/wp-content\/uploads\/2022\/01\/Janno-Trump_RAUD9230-Edit-100x100.jpg","woocommerce_gallery_thumbnail-width":100,"woocommerce_gallery_thumbnail-height":100}},"acf_date_time":"2022\/02\/27 19:00","price":"15.- \/ 10.-","ticket_url":"https:\/\/store.piletilevi.ee\/public\/?concert=348418&shop_provider=jazzkaar&design=jazzkaar&lang=est&center=7","artists":[{"title":"","subtitle":"","text":"<p>Talvejazz annab Eesti jazzmuusikutele v\u00f5imaluse musitseerida koos oma lemmikartistidega ja omandada uusi kogemusi rahvusvahelist koost\u00f6\u00f6d tehes. Rootsi helilooja, laulja ja multiinstrumentalist <strong>Nils Landgren<\/strong> on just see \u00f5ige muusik, kel on \u00fclirikkalik kogemustepagas erinevates jazzistiilides ja ON, mida nooremate muusikutega jagada. Esmakordselt esines Landgren oma ansambliga Jazzkaarel 1997. aastal ning 2014. aastal t\u00f5i ta festivalile rahvusvahelise ansambli, kus Eestit esindas armastatud saksofonist Raivo Tafenau ja kust sai alguse nende s\u00f5prus, mille tulemusena esines Landgren l\u00e4inud suvel koos Eesti muusikutega ka Haapsalus TAFF:Festil.<\/p>\n<p>B\u00e4ndi pani kokku Raivo Tafenau, basskitarri m\u00e4ngis <strong>Janno Trump<\/strong>, kes meenutab: \u201eNils Landgren on minu jaoks see inimene, kes juhatas mind jazzmuusikani. K\u00e4isin keskkoolis, kui sattusin kogemata tema \u201eFunky ABBA\u201c plaati kuulama, m\u00e4letan seda momenti siiani selgelt. See muusika k\u00f5netas mind automaatselt. Sealt edasi tutvusin p\u00f5hjalikumalt tema Funk Uniti salvestustega ja ka tema jazzikamate albumitega, Landgreni looming sai mulle s\u00fcdamel\u00e4hedaseks. Mullusuvine kontsert TAFF:Festil l\u00e4ks v\u00e4ga h\u00e4sti, emotsioonid olid t\u00f5esti v\u00e4ga \u00fclevad. Nils nautis festivali t\u00e4iel rinnal, kusjuures k\u00e4is ta kuulamas ka meie kodumaised artiste, paljud neist j\u00e4tsid talle s\u00fcgava mulje. N\u00fc\u00fcd on v\u00f5imalus suure koosseisuga <strong>JT Conception<\/strong>il koos maestroga m\u00e4ngida nii minu kui ka tema loomingut. See teadmine, et Nils Landgren, minu suur iidol ja eeskuju, hakkab esitama minu kirjutatud muusikat, toob juba praegu naeratuse n\u00e4ole. Ootan seda v\u00e4ga!\u201c<\/p>\n<p>JT Conception on bassist Janno Trumpi poolt kokku kutsutud ning tema loomingut esitav 10-liikmeline gruuviorkester. V\u00f5imsa bigb\u00e4ndiliku k\u00f5laga JT Conception on end m\u00f5ne aastaga m\u00e4nginud kuulajate s\u00fcdameisse, nende kaks tugevate karakteritega albumit ja ansambli kontserdid on v\u00e4ga soojalt vastu v\u00f5etud. 2019. aastal valiti JT Conception Aasta Jazzansambliks. Heliloojana jagub Janno Trumpil v\u00e4rskeid ideid JT Conceptioni kui ka mitme teise koosseisu jaoks.<\/p>\n<p>Rootsi jazzilegend <strong>Nils Landgren<\/strong> rabab oma mitmek\u00fclgsuse, uudishimu ja entusiasmiga. Tromboonivirtuoos, laulja, helilooja, oma ansamblite liider, festivalide kunstiline juht on oma karj\u00e4\u00e4ri hakul m\u00e4nginud filmides ja teatrilavastustes. Muusik on osalenud enam kui 500 albumi salvestusel, neist \u00fcle kolmek\u00fcmne on ta enda nimelised ning teinud koost\u00f6\u00f6d ansamblite ja artistidega nagu ABBA, The Crusaders, Esbj\u00f6rn Svensson, Richard Galliano, Thad Jones, Herbie Hancock jpt. Kriitikud on nentinud, et Landgrenil on kaks hinge \u2013 oma Funk Unitiga on ta mehine ja gruuviv jazzi <em>action<\/em>-kangelane, kuid tema teine mina, mis avaldub kammerlikemates koosseisudes, on melanhoolne ja \u00fclimalt tundlik. 1992. aastast juhatab ta oma ansamblit Funk Unit. 2012. aastast on Nils Landgren maineka festivali Jazz Baltica programmijuht. Ta on plaadifirma ACT records armastatuim artist ning v\u00e4ga oodatud kontserdilavadel \u00fcle maailma.<\/p>\n<p>&nbsp;<\/p>\n","videos":[{"video":"<iframe title=\"JT Conception - Pu\u0308ha Mu\u0308ristus (Wait For It)\" width=\"640\" height=\"360\" src=\"https:\/\/www.youtube.com\/embed\/Du37gXBqYE0?feature=oembed\" frameborder=\"0\" allow=\"accelerometer; autoplay; clipboard-write; encrypted-media; gyroscope; picture-in-picture; web-share\" referrerpolicy=\"strict-origin-when-cross-origin\" allowfullscreen><\/iframe>"},{"video":"<iframe title=\"JazzBaltica 2021: Nils Landgren &amp; friends\" width=\"640\" height=\"360\" src=\"https:\/\/www.youtube.com\/embed\/xRJklOHt2Jc?feature=oembed\" frameborder=\"0\" allow=\"accelerometer; autoplay; clipboard-write; encrypted-media; gyroscope; picture-in-picture; web-share\" referrerpolicy=\"strict-origin-when-cross-origin\" allowfullscreen><\/iframe>"}],"gallery":[{"ID":43076,"id":43076,"title":"Landgren-Nikola Stankovic","filename":"Landgren-Nikola-Stankovic-scaled-e1641911957262.jpg","filesize":191739,"url":"https:\/\/jazzkaar.ee\/wp-content\/uploads\/2022\/01\/Landgren-Nikola-Stankovic-scaled-e1641911957262.jpg","link":"https:\/\/jazzkaar.ee\/en\/uritus\/jt-conception-feat-nils-landgren\/landgren-nikola-stankovic-2\/","alt":"","author":"3","description":"","caption":"","name":"landgren-nikola-stankovic-2","status":"inherit","uploaded_to":43079,"date":"2022-01-11 14:33:39","modified":"2022-01-11 14:39:24","menu_order":0,"mime_type":"image\/jpeg","type":"image","subtype":"jpeg","icon":"https:\/\/jazzkaar.ee\/wp-includes\/images\/media\/default.png","width":1708,"height":2560,"sizes":{"thumbnail":"https:\/\/jazzkaar.ee\/wp-content\/uploads\/2022\/01\/Landgren-Nikola-Stankovic-150x150.jpg","thumbnail-width":150,"thumbnail-height":150,"medium":"https:\/\/jazzkaar.ee\/wp-content\/uploads\/2022\/01\/Landgren-Nikola-Stankovic-200x300.jpg","medium-width":200,"medium-height":300,"medium_large":"https:\/\/jazzkaar.ee\/wp-content\/uploads\/2022\/01\/Landgren-Nikola-Stankovic-768x1151.jpg","medium_large-width":768,"medium_large-height":1151,"large":"https:\/\/jazzkaar.ee\/wp-content\/uploads\/2022\/01\/Landgren-Nikola-Stankovic-683x1024.jpg","large-width":683,"large-height":1024,"1536x1536":"https:\/\/jazzkaar.ee\/wp-content\/uploads\/2022\/01\/Landgren-Nikola-Stankovic-1025x1536.jpg","1536x1536-width":1025,"1536x1536-height":1536,"2048x2048":"https:\/\/jazzkaar.ee\/wp-content\/uploads\/2022\/01\/Landgren-Nikola-Stankovic-1366x2048.jpg","2048x2048-width":1366,"2048x2048-height":2048,"image_640px":"https:\/\/jazzkaar.ee\/wp-content\/uploads\/2022\/01\/Landgren-Nikola-Stankovic-640x960.jpg","image_640px-width":640,"image_640px-height":960,"image_768px":"https:\/\/jazzkaar.ee\/wp-content\/uploads\/2022\/01\/Landgren-Nikola-Stankovic-768x1151.jpg","image_768px-width":768,"image_768px-height":1151,"image_1024px":"https:\/\/jazzkaar.ee\/wp-content\/uploads\/2022\/01\/Landgren-Nikola-Stankovic-1024x1535.jpg","image_1024px-width":1024,"image_1024px-height":1535,"image_1280px":"https:\/\/jazzkaar.ee\/wp-content\/uploads\/2022\/01\/Landgren-Nikola-Stankovic-1280x1919.jpg","image_1280px-width":1280,"image_1280px-height":1919,"image_1366px":"https:\/\/jazzkaar.ee\/wp-content\/uploads\/2022\/01\/Landgren-Nikola-Stankovic-1366x2048.jpg","image_1366px-width":1366,"image_1366px-height":2048,"image_1600px":"https:\/\/jazzkaar.ee\/wp-content\/uploads\/2022\/01\/Landgren-Nikola-Stankovic-1600x2399.jpg","image_1600px-width":1600,"image_1600px-height":2399,"image_1920px":"https:\/\/jazzkaar.ee\/wp-content\/uploads\/2022\/01\/Landgren-Nikola-Stankovic-1920x2879.jpg","image_1920px-width":1920,"image_1920px-height":2879,"image_2400px":"https:\/\/jazzkaar.ee\/wp-content\/uploads\/2022\/01\/Landgren-Nikola-Stankovic-scaled-e1641911957262.jpg","image_2400px-width":1708,"image_2400px-height":2560,"woocommerce_thumbnail":"https:\/\/jazzkaar.ee\/wp-content\/uploads\/2022\/01\/Landgren-Nikola-Stankovic-415x415.jpg","woocommerce_thumbnail-width":415,"woocommerce_thumbnail-height":415,"woocommerce_single":"https:\/\/jazzkaar.ee\/wp-content\/uploads\/2022\/01\/Landgren-Nikola-Stankovic-600x900.jpg","woocommerce_single-width":600,"woocommerce_single-height":900,"woocommerce_gallery_thumbnail":"https:\/\/jazzkaar.ee\/wp-content\/uploads\/2022\/01\/Landgren-Nikola-Stankovic-100x100.jpg","woocommerce_gallery_thumbnail-width":100,"woocommerce_gallery_thumbnail-height":100}},{"ID":43074,"id":43074,"title":"Janno Trump_RAUD9226-Edit","filename":"Janno-Trump_RAUD9226-Edit-scaled.jpg","filesize":168527,"url":"https:\/\/jazzkaar.ee\/wp-content\/uploads\/2022\/01\/Janno-Trump_RAUD9226-Edit-scaled.jpg","link":"https:\/\/jazzkaar.ee\/en\/uritus\/jt-conception-feat-nils-landgren\/janno-trump_raud9226-edit-2\/","alt":"","author":"3","description":"","caption":"","name":"janno-trump_raud9226-edit-2","status":"inherit","uploaded_to":43079,"date":"2022-01-11 14:33:19","modified":"2022-01-11 14:33:19","menu_order":0,"mime_type":"image\/jpeg","type":"image","subtype":"jpeg","icon":"https:\/\/jazzkaar.ee\/wp-includes\/images\/media\/default.png","width":1707,"height":2560,"sizes":{"thumbnail":"https:\/\/jazzkaar.ee\/wp-content\/uploads\/2022\/01\/Janno-Trump_RAUD9226-Edit-150x150.jpg","thumbnail-width":150,"thumbnail-height":150,"medium":"https:\/\/jazzkaar.ee\/wp-content\/uploads\/2022\/01\/Janno-Trump_RAUD9226-Edit-200x300.jpg","medium-width":200,"medium-height":300,"medium_large":"https:\/\/jazzkaar.ee\/wp-content\/uploads\/2022\/01\/Janno-Trump_RAUD9226-Edit-768x1152.jpg","medium_large-width":768,"medium_large-height":1152,"large":"https:\/\/jazzkaar.ee\/wp-content\/uploads\/2022\/01\/Janno-Trump_RAUD9226-Edit-683x1024.jpg","large-width":683,"large-height":1024,"1536x1536":"https:\/\/jazzkaar.ee\/wp-content\/uploads\/2022\/01\/Janno-Trump_RAUD9226-Edit-1024x1536.jpg","1536x1536-width":1024,"1536x1536-height":1536,"2048x2048":"https:\/\/jazzkaar.ee\/wp-content\/uploads\/2022\/01\/Janno-Trump_RAUD9226-Edit-1365x2048.jpg","2048x2048-width":1365,"2048x2048-height":2048,"image_640px":"https:\/\/jazzkaar.ee\/wp-content\/uploads\/2022\/01\/Janno-Trump_RAUD9226-Edit-640x960.jpg","image_640px-width":640,"image_640px-height":960,"image_768px":"https:\/\/jazzkaar.ee\/wp-content\/uploads\/2022\/01\/Janno-Trump_RAUD9226-Edit-768x1152.jpg","image_768px-width":768,"image_768px-height":1152,"image_1024px":"https:\/\/jazzkaar.ee\/wp-content\/uploads\/2022\/01\/Janno-Trump_RAUD9226-Edit-1024x1536.jpg","image_1024px-width":1024,"image_1024px-height":1536,"image_1280px":"https:\/\/jazzkaar.ee\/wp-content\/uploads\/2022\/01\/Janno-Trump_RAUD9226-Edit-1280x1920.jpg","image_1280px-width":1280,"image_1280px-height":1920,"image_1366px":"https:\/\/jazzkaar.ee\/wp-content\/uploads\/2022\/01\/Janno-Trump_RAUD9226-Edit-1366x2049.jpg","image_1366px-width":1366,"image_1366px-height":2049,"image_1600px":"https:\/\/jazzkaar.ee\/wp-content\/uploads\/2022\/01\/Janno-Trump_RAUD9226-Edit-1600x2400.jpg","image_1600px-width":1600,"image_1600px-height":2400,"image_1920px":"https:\/\/jazzkaar.ee\/wp-content\/uploads\/2022\/01\/Janno-Trump_RAUD9226-Edit-1920x2880.jpg","image_1920px-width":1920,"image_1920px-height":2880,"image_2400px":"https:\/\/jazzkaar.ee\/wp-content\/uploads\/2022\/01\/Janno-Trump_RAUD9226-Edit-2400x3600.jpg","image_2400px-width":2400,"image_2400px-height":3600,"woocommerce_thumbnail":"https:\/\/jazzkaar.ee\/wp-content\/uploads\/2022\/01\/Janno-Trump_RAUD9226-Edit-415x415.jpg","woocommerce_thumbnail-width":415,"woocommerce_thumbnail-height":415,"woocommerce_single":"https:\/\/jazzkaar.ee\/wp-content\/uploads\/2022\/01\/Janno-Trump_RAUD9226-Edit-600x900.jpg","woocommerce_single-width":600,"woocommerce_single-height":900,"woocommerce_gallery_thumbnail":"https:\/\/jazzkaar.ee\/wp-content\/uploads\/2022\/01\/Janno-Trump_RAUD9226-Edit-100x100.jpg","woocommerce_gallery_thumbnail-width":100,"woocommerce_gallery_thumbnail-height":100}},{"ID":43078,"id":43078,"title":"NilsLandgren&JannoTrump","filename":"NilsLandgrenJannoTrump.png","filesize":3307566,"url":"https:\/\/jazzkaar.ee\/wp-content\/uploads\/2022\/01\/NilsLandgrenJannoTrump.png","link":"https:\/\/jazzkaar.ee\/en\/uritus\/jt-conception-feat-nils-landgren\/nilslandgrenjannotrump-2\/","alt":"","author":"3","description":"","caption":"","name":"nilslandgrenjannotrump-2","status":"inherit","uploaded_to":43079,"date":"2022-01-11 14:33:55","modified":"2022-01-11 14:33:55","menu_order":0,"mime_type":"image\/png","type":"image","subtype":"png","icon":"https:\/\/jazzkaar.ee\/wp-includes\/images\/media\/default.png","width":1194,"height":1797,"sizes":{"thumbnail":"https:\/\/jazzkaar.ee\/wp-content\/uploads\/2022\/01\/NilsLandgrenJannoTrump-150x150.png","thumbnail-width":150,"thumbnail-height":150,"medium":"https:\/\/jazzkaar.ee\/wp-content\/uploads\/2022\/01\/NilsLandgrenJannoTrump-199x300.png","medium-width":199,"medium-height":300,"medium_large":"https:\/\/jazzkaar.ee\/wp-content\/uploads\/2022\/01\/NilsLandgrenJannoTrump-768x1156.png","medium_large-width":768,"medium_large-height":1156,"large":"https:\/\/jazzkaar.ee\/wp-content\/uploads\/2022\/01\/NilsLandgrenJannoTrump-680x1024.png","large-width":680,"large-height":1024,"1536x1536":"https:\/\/jazzkaar.ee\/wp-content\/uploads\/2022\/01\/NilsLandgrenJannoTrump-1021x1536.png","1536x1536-width":1021,"1536x1536-height":1536,"2048x2048":"https:\/\/jazzkaar.ee\/wp-content\/uploads\/2022\/01\/NilsLandgrenJannoTrump.png","2048x2048-width":1194,"2048x2048-height":1797,"image_640px":"https:\/\/jazzkaar.ee\/wp-content\/uploads\/2022\/01\/NilsLandgrenJannoTrump-640x963.png","image_640px-width":640,"image_640px-height":963,"image_768px":"https:\/\/jazzkaar.ee\/wp-content\/uploads\/2022\/01\/NilsLandgrenJannoTrump-768x1156.png","image_768px-width":768,"image_768px-height":1156,"image_1024px":"https:\/\/jazzkaar.ee\/wp-content\/uploads\/2022\/01\/NilsLandgrenJannoTrump-1024x1541.png","image_1024px-width":1024,"image_1024px-height":1541,"image_1280px":"https:\/\/jazzkaar.ee\/wp-content\/uploads\/2022\/01\/NilsLandgrenJannoTrump.png","image_1280px-width":1194,"image_1280px-height":1797,"image_1366px":"https:\/\/jazzkaar.ee\/wp-content\/uploads\/2022\/01\/NilsLandgrenJannoTrump.png","image_1366px-width":1194,"image_1366px-height":1797,"image_1600px":"https:\/\/jazzkaar.ee\/wp-content\/uploads\/2022\/01\/NilsLandgrenJannoTrump.png","image_1600px-width":1194,"image_1600px-height":1797,"image_1920px":"https:\/\/jazzkaar.ee\/wp-content\/uploads\/2022\/01\/NilsLandgrenJannoTrump.png","image_1920px-width":1194,"image_1920px-height":1797,"image_2400px":"https:\/\/jazzkaar.ee\/wp-content\/uploads\/2022\/01\/NilsLandgrenJannoTrump.png","image_2400px-width":1194,"image_2400px-height":1797,"woocommerce_thumbnail":"https:\/\/jazzkaar.ee\/wp-content\/uploads\/2022\/01\/NilsLandgrenJannoTrump-415x415.png","woocommerce_thumbnail-width":415,"woocommerce_thumbnail-height":415,"woocommerce_single":"https:\/\/jazzkaar.ee\/wp-content\/uploads\/2022\/01\/NilsLandgrenJannoTrump-600x903.png","woocommerce_single-width":600,"woocommerce_single-height":903,"woocommerce_gallery_thumbnail":"https:\/\/jazzkaar.ee\/wp-content\/uploads\/2022\/01\/NilsLandgrenJannoTrump-100x100.png","woocommerce_gallery_thumbnail-width":100,"woocommerce_gallery_thumbnail-height":100}}],"members":[{"name":"Nils Landgren ","instrument":"trombone, vocal"},{"name":"Janno Trump ","instrument":"bass"},{"name":"Madis Muul ","instrument":"keyboards"},{"name":"Kalle Pilli","instrument":"guitar"},{"name":"Dmitri Nikolajevski ","instrument":"drums"},{"name":"Caspar Salo ","instrument":"percussioon"},{"name":"Danel Aljo ","instrument":"tenor saxophone"},{"name":"Keio Vutt ","instrument":"bariton saxophone"},{"name":"Allan J\u00e4rve ","instrument":"trumpet"},{"name":"Jason Hunter ","instrument":"trumpet"},{"name":"Johannes Kiik ","instrument":"trombone"}],"artist_fb":"https:\/\/www.facebook.com\/Nils-Landgren-363488977008045","artist_sc":"","artist_sp":"https:\/\/open.spotify.com\/playlist\/4eDL73KHeRpBJ5iA3Nig9X?si=rnwDeigGReqXwoL0ldEoZA","artist_ig":"https:\/\/www.instagram.com\/jannotrump\/?hl=en","artist_hp":"http:\/\/www.jannotrump.com\/conception?fbclid=IwAR2LG3VWYc03XfhGf7zZBWt8XNnucuZHg9_h1-gKMJqatJW2qrlOZ5GBa8k","related_events":false}],"dont_show_frontpage":false},"yoast_head":"<!-- This site is optimized with the Yoast SEO plugin v27.5 - https:\/\/yoast.com\/product\/yoast-seo-wordpress\/ -->\n<title>JT Conception feat. Nils Landgren - Festival Jazzkaar<\/title>\n<meta name=\"robots\" content=\"index, follow, max-snippet:-1, max-image-preview:large, max-video-preview:-1\" \/>\n<link rel=\"canonical\" href=\"https:\/\/jazzkaar.ee\/en\/uritus\/jt-conception-feat-nils-landgren-2\/\" \/>\n<meta property=\"og:locale\" content=\"en_US\" \/>\n<meta property=\"og:type\" content=\"article\" \/>\n<meta property=\"og:title\" content=\"JT Conception feat. Nils Landgren - Festival Jazzkaar\" \/>\n<meta property=\"og:url\" content=\"https:\/\/jazzkaar.ee\/en\/uritus\/jt-conception-feat-nils-landgren-2\/\" \/>\n<meta property=\"og:site_name\" content=\"Festival Jazzkaar\" \/>\n<meta property=\"article:modified_time\" content=\"2022-01-12T09:15:20+00:00\" \/>\n<meta property=\"og:image\" content=\"http:\/\/default\" \/>\n<meta name=\"twitter:card\" content=\"summary_large_image\" \/>\n<script type=\"application\/ld+json\" class=\"yoast-schema-graph\">{\"@context\":\"https:\\\/\\\/schema.org\",\"@graph\":[{\"@type\":\"WebPage\",\"@id\":\"https:\\\/\\\/jazzkaar.ee\\\/en\\\/uritus\\\/jt-conception-feat-nils-landgren-2\\\/\",\"url\":\"https:\\\/\\\/jazzkaar.ee\\\/en\\\/uritus\\\/jt-conception-feat-nils-landgren-2\\\/\",\"name\":\"JT Conception feat. Nils Landgren - Festival Jazzkaar\",\"isPartOf\":{\"@id\":\"https:\\\/\\\/www.jazzkaar.ee\\\/en\\\/#website\"},\"datePublished\":\"2022-01-12T06:00:56+00:00\",\"dateModified\":\"2022-01-12T09:15:20+00:00\",\"breadcrumb\":{\"@id\":\"https:\\\/\\\/jazzkaar.ee\\\/en\\\/uritus\\\/jt-conception-feat-nils-landgren-2\\\/#breadcrumb\"},\"inLanguage\":\"en-US\",\"potentialAction\":[{\"@type\":\"ReadAction\",\"target\":[\"https:\\\/\\\/jazzkaar.ee\\\/en\\\/uritus\\\/jt-conception-feat-nils-landgren-2\\\/\"]}]},{\"@type\":\"BreadcrumbList\",\"@id\":\"https:\\\/\\\/jazzkaar.ee\\\/en\\\/uritus\\\/jt-conception-feat-nils-landgren-2\\\/#breadcrumb\",\"itemListElement\":[{\"@type\":\"ListItem\",\"position\":1,\"name\":\"Home\",\"item\":\"https:\\\/\\\/www.jazzkaar.ee\\\/en\\\/\"},{\"@type\":\"ListItem\",\"position\":2,\"name\":\"JT Conception feat. Nils Landgren\"}]},{\"@type\":\"WebSite\",\"@id\":\"https:\\\/\\\/www.jazzkaar.ee\\\/en\\\/#website\",\"url\":\"https:\\\/\\\/www.jazzkaar.ee\\\/en\\\/\",\"name\":\"Festival Jazzkaar\",\"description\":\"\",\"publisher\":{\"@id\":\"https:\\\/\\\/www.jazzkaar.ee\\\/en\\\/#organization\"},\"potentialAction\":[{\"@type\":\"SearchAction\",\"target\":{\"@type\":\"EntryPoint\",\"urlTemplate\":\"https:\\\/\\\/www.jazzkaar.ee\\\/en\\\/?s={search_term_string}\"},\"query-input\":{\"@type\":\"PropertyValueSpecification\",\"valueRequired\":true,\"valueName\":\"search_term_string\"}}],\"inLanguage\":\"en-US\"},{\"@type\":\"Organization\",\"@id\":\"https:\\\/\\\/www.jazzkaar.ee\\\/en\\\/#organization\",\"name\":\"Festival Jazzkaar\",\"url\":\"https:\\\/\\\/www.jazzkaar.ee\\\/en\\\/\",\"logo\":{\"@type\":\"ImageObject\",\"inLanguage\":\"en-US\",\"@id\":\"https:\\\/\\\/www.jazzkaar.ee\\\/en\\\/#\\\/schema\\\/logo\\\/image\\\/\",\"url\":\"https:\\\/\\\/jazzkaar.ee\\\/wp-content\\\/uploads\\\/2022\\\/10\\\/Screenshot-2022-10-05-at-11.22.31.png\",\"contentUrl\":\"https:\\\/\\\/jazzkaar.ee\\\/wp-content\\\/uploads\\\/2022\\\/10\\\/Screenshot-2022-10-05-at-11.22.31.png\",\"width\":1210,\"height\":664,\"caption\":\"Festival Jazzkaar\"},\"image\":{\"@id\":\"https:\\\/\\\/www.jazzkaar.ee\\\/en\\\/#\\\/schema\\\/logo\\\/image\\\/\"}}]}<\/script>\n<!-- \/ Yoast SEO plugin. -->","yoast_head_json":{"title":"JT Conception feat. Nils Landgren - Festival Jazzkaar","robots":{"index":"index","follow":"follow","max-snippet":"max-snippet:-1","max-image-preview":"max-image-preview:large","max-video-preview":"max-video-preview:-1"},"canonical":"https:\/\/jazzkaar.ee\/en\/uritus\/jt-conception-feat-nils-landgren-2\/","og_locale":"en_US","og_type":"article","og_title":"JT Conception feat. Nils Landgren - Festival Jazzkaar","og_url":"https:\/\/jazzkaar.ee\/en\/uritus\/jt-conception-feat-nils-landgren-2\/","og_site_name":"Festival Jazzkaar","article_modified_time":"2022-01-12T09:15:20+00:00","og_image":[{"url":"default","type":"","width":"","height":""}],"twitter_card":"summary_large_image","schema":{"@context":"https:\/\/schema.org","@graph":[{"@type":"WebPage","@id":"https:\/\/jazzkaar.ee\/en\/uritus\/jt-conception-feat-nils-landgren-2\/","url":"https:\/\/jazzkaar.ee\/en\/uritus\/jt-conception-feat-nils-landgren-2\/","name":"JT Conception feat. Nils Landgren - Festival Jazzkaar","isPartOf":{"@id":"https:\/\/www.jazzkaar.ee\/en\/#website"},"datePublished":"2022-01-12T06:00:56+00:00","dateModified":"2022-01-12T09:15:20+00:00","breadcrumb":{"@id":"https:\/\/jazzkaar.ee\/en\/uritus\/jt-conception-feat-nils-landgren-2\/#breadcrumb"},"inLanguage":"en-US","potentialAction":[{"@type":"ReadAction","target":["https:\/\/jazzkaar.ee\/en\/uritus\/jt-conception-feat-nils-landgren-2\/"]}]},{"@type":"BreadcrumbList","@id":"https:\/\/jazzkaar.ee\/en\/uritus\/jt-conception-feat-nils-landgren-2\/#breadcrumb","itemListElement":[{"@type":"ListItem","position":1,"name":"Home","item":"https:\/\/www.jazzkaar.ee\/en\/"},{"@type":"ListItem","position":2,"name":"JT Conception feat. Nils Landgren"}]},{"@type":"WebSite","@id":"https:\/\/www.jazzkaar.ee\/en\/#website","url":"https:\/\/www.jazzkaar.ee\/en\/","name":"Festival Jazzkaar","description":"","publisher":{"@id":"https:\/\/www.jazzkaar.ee\/en\/#organization"},"potentialAction":[{"@type":"SearchAction","target":{"@type":"EntryPoint","urlTemplate":"https:\/\/www.jazzkaar.ee\/en\/?s={search_term_string}"},"query-input":{"@type":"PropertyValueSpecification","valueRequired":true,"valueName":"search_term_string"}}],"inLanguage":"en-US"},{"@type":"Organization","@id":"https:\/\/www.jazzkaar.ee\/en\/#organization","name":"Festival Jazzkaar","url":"https:\/\/www.jazzkaar.ee\/en\/","logo":{"@type":"ImageObject","inLanguage":"en-US","@id":"https:\/\/www.jazzkaar.ee\/en\/#\/schema\/logo\/image\/","url":"https:\/\/jazzkaar.ee\/wp-content\/uploads\/2022\/10\/Screenshot-2022-10-05-at-11.22.31.png","contentUrl":"https:\/\/jazzkaar.ee\/wp-content\/uploads\/2022\/10\/Screenshot-2022-10-05-at-11.22.31.png","width":1210,"height":664,"caption":"Festival Jazzkaar"},"image":{"@id":"https:\/\/www.jazzkaar.ee\/en\/#\/schema\/logo\/image\/"}}]}},"_links":{"self":[{"href":"https:\/\/jazzkaar.ee\/en\/wp-json\/wp\/v2\/cpt_event\/43081","targetHints":{"allow":["GET"]}}],"collection":[{"href":"https:\/\/jazzkaar.ee\/en\/wp-json\/wp\/v2\/cpt_event"}],"about":[{"href":"https:\/\/jazzkaar.ee\/en\/wp-json\/wp\/v2\/types\/cpt_event"}],"wp:attachment":[{"href":"https:\/\/jazzkaar.ee\/en\/wp-json\/wp\/v2\/media?parent=43081"}],"wp:term":[{"taxonomy":"event_location","embeddable":true,"href":"https:\/\/jazzkaar.ee\/en\/wp-json\/wp\/v2\/event_location?post=43081"},{"taxonomy":"event_tag","embeddable":true,"href":"https:\/\/jazzkaar.ee\/en\/wp-json\/wp\/v2\/event_tag?post=43081"},{"taxonomy":"festivals","embeddable":true,"href":"https:\/\/jazzkaar.ee\/en\/wp-json\/wp\/v2\/festivals?post=43081"}],"curies":[{"name":"wp","href":"https:\/\/api.w.org\/{rel}","templated":true}]}}