{"id":41529,"date":"2021-02-26T08:00:58","date_gmt":"2021-02-26T06:00:58","guid":{"rendered":"https:\/\/jazzkaar.ee\/?post_type=cpt_event&#038;p=41529"},"modified":"2021-05-19T15:43:06","modified_gmt":"2021-05-19T12:43:06","slug":"dago","status":"publish","type":"cpt_event","link":"https:\/\/jazzkaar.ee\/en\/uritus\/dago\/","title":{"rendered":"DAG\u00d6"},"template":"","event_location":[2889],"event_tag":[],"festivals":[2876],"class_list":["post-41529","cpt_event","type-cpt_event","status-publish","hentry","event_location-vaba-lava-en","festivals-jazzkaar-en"],"acf":{"subtitle":"","image":{"ID":41530,"id":41530,"title":"DAGO\u0308.MG_9904","filename":"DAGO\u0308.MG_9904-scaled.jpg","filesize":415954,"url":"https:\/\/www.jazzkaar.ee\/wp-content\/uploads\/2021\/02\/DAGO\u0308.MG_9904-scaled.jpg","link":"https:\/\/jazzkaar.ee\/en\/uritus\/dago\/dago%cc%88-mg_9904\/","alt":"","author":"3","description":"","caption":"","name":"dago%cc%88-mg_9904","status":"inherit","uploaded_to":41529,"date":"2021-02-25 13:50:20","modified":"2021-02-25 13:50:20","menu_order":0,"mime_type":"image\/jpeg","type":"image","subtype":"jpeg","icon":"https:\/\/jazzkaar.ee\/wp-includes\/images\/media\/default.png","width":2560,"height":1680,"sizes":{"thumbnail":"https:\/\/www.jazzkaar.ee\/wp-content\/uploads\/2021\/02\/DAGO\u0308.MG_9904-150x150.jpg","thumbnail-width":150,"thumbnail-height":150,"medium":"https:\/\/www.jazzkaar.ee\/wp-content\/uploads\/2021\/02\/DAGO\u0308.MG_9904-300x197.jpg","medium-width":300,"medium-height":197,"medium_large":"https:\/\/www.jazzkaar.ee\/wp-content\/uploads\/2021\/02\/DAGO\u0308.MG_9904-768x504.jpg","medium_large-width":768,"medium_large-height":504,"large":"https:\/\/www.jazzkaar.ee\/wp-content\/uploads\/2021\/02\/DAGO\u0308.MG_9904-1024x672.jpg","large-width":1024,"large-height":672,"1536x1536":"https:\/\/www.jazzkaar.ee\/wp-content\/uploads\/2021\/02\/DAGO\u0308.MG_9904-1536x1008.jpg","1536x1536-width":1536,"1536x1536-height":1008,"2048x2048":"https:\/\/www.jazzkaar.ee\/wp-content\/uploads\/2021\/02\/DAGO\u0308.MG_9904-2048x1344.jpg","2048x2048-width":2048,"2048x2048-height":1344,"image_640px":"https:\/\/www.jazzkaar.ee\/wp-content\/uploads\/2021\/02\/DAGO\u0308.MG_9904-640x420.jpg","image_640px-width":640,"image_640px-height":420,"image_768px":"https:\/\/www.jazzkaar.ee\/wp-content\/uploads\/2021\/02\/DAGO\u0308.MG_9904-768x504.jpg","image_768px-width":768,"image_768px-height":504,"image_1024px":"https:\/\/www.jazzkaar.ee\/wp-content\/uploads\/2021\/02\/DAGO\u0308.MG_9904-1024x672.jpg","image_1024px-width":1024,"image_1024px-height":672,"image_1280px":"https:\/\/www.jazzkaar.ee\/wp-content\/uploads\/2021\/02\/DAGO\u0308.MG_9904-1280x840.jpg","image_1280px-width":1280,"image_1280px-height":840,"image_1366px":"https:\/\/www.jazzkaar.ee\/wp-content\/uploads\/2021\/02\/DAGO\u0308.MG_9904-1366x897.jpg","image_1366px-width":1366,"image_1366px-height":897,"image_1600px":"https:\/\/www.jazzkaar.ee\/wp-content\/uploads\/2021\/02\/DAGO\u0308.MG_9904-1600x1050.jpg","image_1600px-width":1600,"image_1600px-height":1050,"image_1920px":"https:\/\/www.jazzkaar.ee\/wp-content\/uploads\/2021\/02\/DAGO\u0308.MG_9904-1920x1260.jpg","image_1920px-width":1920,"image_1920px-height":1260,"image_2400px":"https:\/\/www.jazzkaar.ee\/wp-content\/uploads\/2021\/02\/DAGO\u0308.MG_9904-2400x1575.jpg","image_2400px-width":2400,"image_2400px-height":1575,"woocommerce_thumbnail":"https:\/\/www.jazzkaar.ee\/wp-content\/uploads\/2021\/02\/DAGO\u0308.MG_9904-scaled-415x415.jpg","woocommerce_thumbnail-width":415,"woocommerce_thumbnail-height":415,"woocommerce_single":"https:\/\/www.jazzkaar.ee\/wp-content\/uploads\/2021\/02\/DAGO\u0308.MG_9904-scaled-600x394.jpg","woocommerce_single-width":600,"woocommerce_single-height":394,"woocommerce_gallery_thumbnail":"https:\/\/www.jazzkaar.ee\/wp-content\/uploads\/2021\/02\/DAGO\u0308.MG_9904-scaled-100x100.jpg","woocommerce_gallery_thumbnail-width":100,"woocommerce_gallery_thumbnail-height":100}},"acf_date_time":"2021\/08\/29 21:00","price":"25.- \/ 20.- <br \/>\r\nFrom 10.08 30.- \/ 25.- ","ticket_url":"https:\/\/shop.piletilevi.ee\/public\/?center=7&lang=est&concert=329606&design=jazzkaar#view=ticketsselect","artists":[{"title":"","subtitle":"","text":"<p>Vanas viikingite keeles on <strong>Dag\u00f6<\/strong> saar, kust poolt t\u00f5useb p\u00e4ike. Dag\u00f6 ehk Hiiumaa on suuruselt teine Eesti saar, kus vanas rehetalus tegi ansambel 1998. aastal oma esimesed proovid. 22 aasta jooksul on Dag\u00f6 v\u00e4lja andnud 7 albumit, kontsertsalvestusega DVD ja kolmikkogumiku, p\u00e4lvides ka mitmeid Eesti Muusikaauhindu ja publiku andunud poolehoiu. Dag\u00f6 on eestikeelne, poeetiline, eklektiline, rokkiv, l\u00f5bus, kole ja ka haaravalt ilus.<\/p>\n<p>Algusest peale on Dag\u00f6t vedanud kaks meest: kitarrist, arran\u017eeerija, multiinstrumentalist ja muusikaprodutsent Peeter Rebane ning laulja, laulukirjutaja, n\u00e4itleja ning raadio muusikatoimetaja Lauri Saatpalu. Kuna v\u00e4rskeima, 2020. aasta kevadel \u00fcle 9 aasta ilmunud albumi \u201eK\u00fcte\u201c esitluskontsert Tallinnas j\u00e4i m\u00f6\u00f6dunud aastal \u00e4ra, siis on koosseisul suur au ja r\u00f5\u00f5m panna pidu p\u00fcsti n\u00fc\u00fcd Jazzkaarel! Olge valmis t\u00f5eliseks k\u00fctteks!<\/p>\n<p>Viimased k\u00fcmme aastat on olnud Dag\u00f6 koosseis muutumatu.<\/p>\n","videos":[{"video":"<iframe title=\"Dag\u00f6 - Ahmed\" width=\"520\" height=\"390\" src=\"https:\/\/www.youtube.com\/embed\/BDWnWtxb6QY?feature=oembed\" frameborder=\"0\" allow=\"accelerometer; autoplay; clipboard-write; encrypted-media; gyroscope; picture-in-picture; web-share\" referrerpolicy=\"strict-origin-when-cross-origin\" allowfullscreen><\/iframe>"}],"gallery":[{"ID":41537,"id":41537,"title":"DAGO\u0308","filename":"DAGO\u0308-scaled.jpg","filesize":432474,"url":"https:\/\/www.jazzkaar.ee\/wp-content\/uploads\/2021\/02\/DAGO\u0308-scaled.jpg","link":"https:\/\/jazzkaar.ee\/en\/uritus\/dago\/dago%cc%88-3\/","alt":"","author":"3","description":"","caption":"","name":"dago%cc%88-3","status":"inherit","uploaded_to":41529,"date":"2021-02-25 14:02:11","modified":"2021-02-25 14:03:28","menu_order":0,"mime_type":"image\/jpeg","type":"image","subtype":"jpeg","icon":"https:\/\/jazzkaar.ee\/wp-includes\/images\/media\/default.png","width":2560,"height":1646,"sizes":{"thumbnail":"https:\/\/www.jazzkaar.ee\/wp-content\/uploads\/2021\/02\/DAGO\u0308-150x150.jpg","thumbnail-width":150,"thumbnail-height":150,"medium":"https:\/\/www.jazzkaar.ee\/wp-content\/uploads\/2021\/02\/DAGO\u0308-300x193.jpg","medium-width":300,"medium-height":193,"medium_large":"https:\/\/www.jazzkaar.ee\/wp-content\/uploads\/2021\/02\/DAGO\u0308-768x494.jpg","medium_large-width":768,"medium_large-height":494,"large":"https:\/\/www.jazzkaar.ee\/wp-content\/uploads\/2021\/02\/DAGO\u0308-1024x659.jpg","large-width":1024,"large-height":659,"1536x1536":"https:\/\/www.jazzkaar.ee\/wp-content\/uploads\/2021\/02\/DAGO\u0308-1536x988.jpg","1536x1536-width":1536,"1536x1536-height":988,"2048x2048":"https:\/\/www.jazzkaar.ee\/wp-content\/uploads\/2021\/02\/DAGO\u0308-2048x1317.jpg","2048x2048-width":2048,"2048x2048-height":1317,"image_640px":"https:\/\/www.jazzkaar.ee\/wp-content\/uploads\/2021\/02\/DAGO\u0308-640x412.jpg","image_640px-width":640,"image_640px-height":412,"image_768px":"https:\/\/www.jazzkaar.ee\/wp-content\/uploads\/2021\/02\/DAGO\u0308-768x494.jpg","image_768px-width":768,"image_768px-height":494,"image_1024px":"https:\/\/www.jazzkaar.ee\/wp-content\/uploads\/2021\/02\/DAGO\u0308-1024x659.jpg","image_1024px-width":1024,"image_1024px-height":659,"image_1280px":"https:\/\/www.jazzkaar.ee\/wp-content\/uploads\/2021\/02\/DAGO\u0308-1280x823.jpg","image_1280px-width":1280,"image_1280px-height":823,"image_1366px":"https:\/\/www.jazzkaar.ee\/wp-content\/uploads\/2021\/02\/DAGO\u0308-1366x878.jpg","image_1366px-width":1366,"image_1366px-height":878,"image_1600px":"https:\/\/www.jazzkaar.ee\/wp-content\/uploads\/2021\/02\/DAGO\u0308-1600x1029.jpg","image_1600px-width":1600,"image_1600px-height":1029,"image_1920px":"https:\/\/www.jazzkaar.ee\/wp-content\/uploads\/2021\/02\/DAGO\u0308-1920x1235.jpg","image_1920px-width":1920,"image_1920px-height":1235,"image_2400px":"https:\/\/www.jazzkaar.ee\/wp-content\/uploads\/2021\/02\/DAGO\u0308-2400x1543.jpg","image_2400px-width":2400,"image_2400px-height":1543,"woocommerce_thumbnail":"https:\/\/www.jazzkaar.ee\/wp-content\/uploads\/2021\/02\/DAGO\u0308-scaled-415x415.jpg","woocommerce_thumbnail-width":415,"woocommerce_thumbnail-height":415,"woocommerce_single":"https:\/\/www.jazzkaar.ee\/wp-content\/uploads\/2021\/02\/DAGO\u0308-scaled-600x386.jpg","woocommerce_single-width":600,"woocommerce_single-height":386,"woocommerce_gallery_thumbnail":"https:\/\/www.jazzkaar.ee\/wp-content\/uploads\/2021\/02\/DAGO\u0308-scaled-100x100.jpg","woocommerce_gallery_thumbnail-width":100,"woocommerce_gallery_thumbnail-height":100}}],"members":[{"name":"Kristjan Priks ","instrument":"drums"},{"name":"Henno Kelp ","instrument":"bass"},{"name":"Tarvi Kull ","instrument":"keyboards"},{"name":"Peeter Rebane ","instrument":"guitar"},{"name":"Lauri Saatpalu ","instrument":"vocal"}],"artist_fb":"https:\/\/www.facebook.com\/dagoband","artist_sc":"","artist_sp":"","artist_ig":"","artist_hp":"https:\/\/dagoband.bandcamp.com\/","related_events":false}],"dont_show_frontpage":false},"yoast_head":"<!-- This site is optimized with the Yoast SEO plugin v27.4 - https:\/\/yoast.com\/product\/yoast-seo-wordpress\/ -->\n<title>DAG\u00d6 - Festival Jazzkaar<\/title>\n<meta name=\"robots\" content=\"index, follow, max-snippet:-1, max-image-preview:large, max-video-preview:-1\" \/>\n<link rel=\"canonical\" href=\"https:\/\/jazzkaar.ee\/en\/uritus\/dago\/\" \/>\n<meta property=\"og:locale\" content=\"en_US\" \/>\n<meta property=\"og:type\" content=\"article\" \/>\n<meta property=\"og:title\" content=\"DAG\u00d6 - Festival Jazzkaar\" \/>\n<meta property=\"og:url\" content=\"https:\/\/jazzkaar.ee\/en\/uritus\/dago\/\" \/>\n<meta property=\"og:site_name\" content=\"Festival Jazzkaar\" \/>\n<meta property=\"article:modified_time\" content=\"2021-05-19T12:43:06+00:00\" \/>\n<meta property=\"og:image\" content=\"https:\/\/jazzkaar.ee\/wp-content\/uploads\/2021\/02\/DAGO\u0308.MG_9904-scaled.jpg\" \/>\n\t<meta property=\"og:image:width\" content=\"2560\" \/>\n\t<meta property=\"og:image:height\" content=\"1680\" \/>\n\t<meta property=\"og:image:type\" content=\"image\/jpeg\" \/>\n<meta name=\"twitter:card\" content=\"summary_large_image\" \/>\n<script type=\"application\/ld+json\" class=\"yoast-schema-graph\">{\"@context\":\"https:\\\/\\\/schema.org\",\"@graph\":[{\"@type\":\"WebPage\",\"@id\":\"https:\\\/\\\/jazzkaar.ee\\\/en\\\/uritus\\\/dago\\\/\",\"url\":\"https:\\\/\\\/jazzkaar.ee\\\/en\\\/uritus\\\/dago\\\/\",\"name\":\"DAG\u00d6 - Festival Jazzkaar\",\"isPartOf\":{\"@id\":\"https:\\\/\\\/jazzkaar.ee\\\/en\\\/#website\"},\"datePublished\":\"2021-02-26T06:00:58+00:00\",\"dateModified\":\"2021-05-19T12:43:06+00:00\",\"breadcrumb\":{\"@id\":\"https:\\\/\\\/jazzkaar.ee\\\/en\\\/uritus\\\/dago\\\/#breadcrumb\"},\"inLanguage\":\"en-US\",\"potentialAction\":[{\"@type\":\"ReadAction\",\"target\":[\"https:\\\/\\\/jazzkaar.ee\\\/en\\\/uritus\\\/dago\\\/\"]}]},{\"@type\":\"BreadcrumbList\",\"@id\":\"https:\\\/\\\/jazzkaar.ee\\\/en\\\/uritus\\\/dago\\\/#breadcrumb\",\"itemListElement\":[{\"@type\":\"ListItem\",\"position\":1,\"name\":\"Home\",\"item\":\"https:\\\/\\\/www.jazzkaar.ee\\\/en\\\/\"},{\"@type\":\"ListItem\",\"position\":2,\"name\":\"DAG\u00d6\"}]},{\"@type\":\"WebSite\",\"@id\":\"https:\\\/\\\/jazzkaar.ee\\\/en\\\/#website\",\"url\":\"https:\\\/\\\/jazzkaar.ee\\\/en\\\/\",\"name\":\"Festival Jazzkaar\",\"description\":\"\",\"publisher\":{\"@id\":\"https:\\\/\\\/jazzkaar.ee\\\/en\\\/#organization\"},\"potentialAction\":[{\"@type\":\"SearchAction\",\"target\":{\"@type\":\"EntryPoint\",\"urlTemplate\":\"https:\\\/\\\/jazzkaar.ee\\\/en\\\/?s={search_term_string}\"},\"query-input\":{\"@type\":\"PropertyValueSpecification\",\"valueRequired\":true,\"valueName\":\"search_term_string\"}}],\"inLanguage\":\"en-US\"},{\"@type\":\"Organization\",\"@id\":\"https:\\\/\\\/jazzkaar.ee\\\/en\\\/#organization\",\"name\":\"Festival Jazzkaar\",\"url\":\"https:\\\/\\\/jazzkaar.ee\\\/en\\\/\",\"logo\":{\"@type\":\"ImageObject\",\"inLanguage\":\"en-US\",\"@id\":\"https:\\\/\\\/jazzkaar.ee\\\/en\\\/#\\\/schema\\\/logo\\\/image\\\/\",\"url\":\"https:\\\/\\\/jazzkaar.ee\\\/wp-content\\\/uploads\\\/2022\\\/10\\\/Screenshot-2022-10-05-at-11.22.31.png\",\"contentUrl\":\"https:\\\/\\\/jazzkaar.ee\\\/wp-content\\\/uploads\\\/2022\\\/10\\\/Screenshot-2022-10-05-at-11.22.31.png\",\"width\":1210,\"height\":664,\"caption\":\"Festival Jazzkaar\"},\"image\":{\"@id\":\"https:\\\/\\\/jazzkaar.ee\\\/en\\\/#\\\/schema\\\/logo\\\/image\\\/\"}}]}<\/script>\n<!-- \/ Yoast SEO plugin. -->","yoast_head_json":{"title":"DAG\u00d6 - Festival Jazzkaar","robots":{"index":"index","follow":"follow","max-snippet":"max-snippet:-1","max-image-preview":"max-image-preview:large","max-video-preview":"max-video-preview:-1"},"canonical":"https:\/\/jazzkaar.ee\/en\/uritus\/dago\/","og_locale":"en_US","og_type":"article","og_title":"DAG\u00d6 - Festival Jazzkaar","og_url":"https:\/\/jazzkaar.ee\/en\/uritus\/dago\/","og_site_name":"Festival Jazzkaar","article_modified_time":"2021-05-19T12:43:06+00:00","og_image":[{"width":2560,"height":1680,"url":"https:\/\/jazzkaar.ee\/wp-content\/uploads\/2021\/02\/DAGO\u0308.MG_9904-scaled.jpg","type":"image\/jpeg"}],"twitter_card":"summary_large_image","schema":{"@context":"https:\/\/schema.org","@graph":[{"@type":"WebPage","@id":"https:\/\/jazzkaar.ee\/en\/uritus\/dago\/","url":"https:\/\/jazzkaar.ee\/en\/uritus\/dago\/","name":"DAG\u00d6 - Festival Jazzkaar","isPartOf":{"@id":"https:\/\/jazzkaar.ee\/en\/#website"},"datePublished":"2021-02-26T06:00:58+00:00","dateModified":"2021-05-19T12:43:06+00:00","breadcrumb":{"@id":"https:\/\/jazzkaar.ee\/en\/uritus\/dago\/#breadcrumb"},"inLanguage":"en-US","potentialAction":[{"@type":"ReadAction","target":["https:\/\/jazzkaar.ee\/en\/uritus\/dago\/"]}]},{"@type":"BreadcrumbList","@id":"https:\/\/jazzkaar.ee\/en\/uritus\/dago\/#breadcrumb","itemListElement":[{"@type":"ListItem","position":1,"name":"Home","item":"https:\/\/www.jazzkaar.ee\/en\/"},{"@type":"ListItem","position":2,"name":"DAG\u00d6"}]},{"@type":"WebSite","@id":"https:\/\/jazzkaar.ee\/en\/#website","url":"https:\/\/jazzkaar.ee\/en\/","name":"Festival Jazzkaar","description":"","publisher":{"@id":"https:\/\/jazzkaar.ee\/en\/#organization"},"potentialAction":[{"@type":"SearchAction","target":{"@type":"EntryPoint","urlTemplate":"https:\/\/jazzkaar.ee\/en\/?s={search_term_string}"},"query-input":{"@type":"PropertyValueSpecification","valueRequired":true,"valueName":"search_term_string"}}],"inLanguage":"en-US"},{"@type":"Organization","@id":"https:\/\/jazzkaar.ee\/en\/#organization","name":"Festival Jazzkaar","url":"https:\/\/jazzkaar.ee\/en\/","logo":{"@type":"ImageObject","inLanguage":"en-US","@id":"https:\/\/jazzkaar.ee\/en\/#\/schema\/logo\/image\/","url":"https:\/\/jazzkaar.ee\/wp-content\/uploads\/2022\/10\/Screenshot-2022-10-05-at-11.22.31.png","contentUrl":"https:\/\/jazzkaar.ee\/wp-content\/uploads\/2022\/10\/Screenshot-2022-10-05-at-11.22.31.png","width":1210,"height":664,"caption":"Festival Jazzkaar"},"image":{"@id":"https:\/\/jazzkaar.ee\/en\/#\/schema\/logo\/image\/"}}]}},"_links":{"self":[{"href":"https:\/\/jazzkaar.ee\/en\/wp-json\/wp\/v2\/cpt_event\/41529","targetHints":{"allow":["GET"]}}],"collection":[{"href":"https:\/\/jazzkaar.ee\/en\/wp-json\/wp\/v2\/cpt_event"}],"about":[{"href":"https:\/\/jazzkaar.ee\/en\/wp-json\/wp\/v2\/types\/cpt_event"}],"wp:attachment":[{"href":"https:\/\/jazzkaar.ee\/en\/wp-json\/wp\/v2\/media?parent=41529"}],"wp:term":[{"taxonomy":"event_location","embeddable":true,"href":"https:\/\/jazzkaar.ee\/en\/wp-json\/wp\/v2\/event_location?post=41529"},{"taxonomy":"event_tag","embeddable":true,"href":"https:\/\/jazzkaar.ee\/en\/wp-json\/wp\/v2\/event_tag?post=41529"},{"taxonomy":"festivals","embeddable":true,"href":"https:\/\/jazzkaar.ee\/en\/wp-json\/wp\/v2\/festivals?post=41529"}],"curies":[{"name":"wp","href":"https:\/\/api.w.org\/{rel}","templated":true}]}}